{"id":3518,"date":"2022-09-05T15:24:12","date_gmt":"2022-09-05T15:24:12","guid":{"rendered":"https:\/\/turisme.olocau.es\/que-fer\/festes\/la-nostra-senyora-del-rosari\/"},"modified":"2022-11-24T11:45:47","modified_gmt":"2022-11-24T11:45:47","slug":"la-nostra-senyora-del-rosari","status":"publish","type":"page","link":"https:\/\/turisme.olocau.es\/ca\/que-fer\/festes\/la-nostra-senyora-del-rosari\/","title":{"rendered":"La nostra Senyora del Rosari"},"content":{"rendered":"\t\t<div data-elementor-type=\"wp-page\" data-elementor-id=\"3518\" class=\"elementor elementor-3518 elementor-1734\" data-elementor-post-type=\"page\">\n\t\t\t\t\t\t<section class=\"elementor-section elementor-top-section elementor-element elementor-element-52c33a7c elementor-section-full_width elementor-section-height-default elementor-section-height-default\" data-id=\"52c33a7c\" data-element_type=\"section\" data-e-type=\"section\" id=\"arriba\">\n\t\t\t\t\t\t<div class=\"elementor-container elementor-column-gap-default\">\n\t\t\t\t\t<div class=\"elementor-column elementor-col-100 elementor-top-column elementor-element elementor-element-6a95a66d\" data-id=\"6a95a66d\" data-element_type=\"column\" data-e-type=\"column\">\n\t\t\t<div class=\"elementor-widget-wrap elementor-element-populated\">\n\t\t\t\t\t\t<div class=\"elementor-element elementor-element-6dcd4eb2 elementor--h-position-center elementor--v-position-middle elementor-widget elementor-widget-slides\" data-id=\"6dcd4eb2\" data-element_type=\"widget\" data-e-type=\"widget\" data-settings=\"{&quot;navigation&quot;:&quot;none&quot;,&quot;transition&quot;:&quot;fade&quot;,&quot;autoplay&quot;:&quot;yes&quot;,&quot;autoplay_speed&quot;:5000,&quot;transition_speed&quot;:500}\" data-widget_type=\"slides.default\">\n\t\t\t\t<div class=\"elementor-widget-container\">\n\t\t\t\t\t\t\t\t\t<div class=\"elementor-swiper\">\n\t\t\t\t\t<div class=\"elementor-slides-wrapper elementor-main-swiper swiper\" role=\"region\" aria-roledescription=\"carousel\" aria-label=\"Slides\" dir=\"ltr\" data-animation=\"fadeInLeft\">\n\t\t\t\t<div class=\"swiper-wrapper elementor-slides\">\n\t\t\t\t\t\t\t\t\t\t<div class=\"elementor-repeater-item-f782748 swiper-slide\" role=\"group\" aria-roledescription=\"slide\"><div class=\"swiper-slide-bg elementor-ken-burns elementor-ken-burns--in\" role=\"img\"><\/div><div class=\"swiper-slide-inner\" ><div class=\"swiper-slide-contents\"><\/div><\/div><\/div>\t\t\t\t<\/div>\n\t\t\t\t\t\t\t<\/div>\n\t\t\t\t<\/div>\n\t\t\t\t\t\t\t\t<\/div>\n\t\t\t\t<\/div>\n\t\t\t\t\t<\/div>\n\t\t<\/div>\n\t\t\t\t\t<\/div>\n\t\t<\/section>\n\t\t\t\t<section class=\"elementor-section elementor-top-section elementor-element elementor-element-21432f8a elementor-section-boxed elementor-section-height-default elementor-section-height-default\" data-id=\"21432f8a\" data-element_type=\"section\" data-e-type=\"section\">\n\t\t\t\t\t\t<div class=\"elementor-container elementor-column-gap-default\">\n\t\t\t\t\t<div class=\"elementor-column elementor-col-100 elementor-top-column elementor-element elementor-element-5c351a0c\" data-id=\"5c351a0c\" data-element_type=\"column\" data-e-type=\"column\">\n\t\t\t<div class=\"elementor-widget-wrap elementor-element-populated\">\n\t\t\t\t\t\t<div class=\"elementor-element elementor-element-156849e2 elementor-widget elementor-widget-image\" data-id=\"156849e2\" data-element_type=\"widget\" data-e-type=\"widget\" data-widget_type=\"image.default\">\n\t\t\t\t<div class=\"elementor-widget-container\">\n\t\t\t\t\t\t\t\t\t\t\t\t\t\t\t<img fetchpriority=\"high\" decoding=\"async\" width=\"202\" height=\"253\" src=\"https:\/\/turisme.olocau.es\/wp-content\/uploads\/2022\/06\/muestras.png\" class=\"attachment-large size-large wp-image-2634\" alt=\"\" \/>\t\t\t\t\t\t\t\t\t\t\t\t\t\t\t<\/div>\n\t\t\t\t<\/div>\n\t\t\t\t\t<\/div>\n\t\t<\/div>\n\t\t\t\t\t<\/div>\n\t\t<\/section>\n\t\t\t\t<section class=\"elementor-section elementor-top-section elementor-element elementor-element-30f6fa9d elementor-section-boxed elementor-section-height-default elementor-section-height-default\" data-id=\"30f6fa9d\" data-element_type=\"section\" data-e-type=\"section\">\n\t\t\t\t\t\t<div class=\"elementor-container elementor-column-gap-default\">\n\t\t\t\t\t<div class=\"elementor-column elementor-col-100 elementor-top-column elementor-element elementor-element-74333fe1\" data-id=\"74333fe1\" data-element_type=\"column\" data-e-type=\"column\">\n\t\t\t<div class=\"elementor-widget-wrap elementor-element-populated\">\n\t\t\t\t\t\t<div class=\"elementor-element elementor-element-38b3c8db elementor-widget elementor-widget-heading\" data-id=\"38b3c8db\" data-element_type=\"widget\" data-e-type=\"widget\" data-widget_type=\"heading.default\">\n\t\t\t\t<div class=\"elementor-widget-container\">\n\t\t\t\t\t<h2 class=\"elementor-heading-title elementor-size-default\">Entorn Cultural<\/h2>\t\t\t\t<\/div>\n\t\t\t\t<\/div>\n\t\t\t\t\t<\/div>\n\t\t<\/div>\n\t\t\t\t\t<\/div>\n\t\t<\/section>\n\t\t\t\t<section class=\"elementor-section elementor-top-section elementor-element elementor-element-40839a78 elementor-section-boxed elementor-section-height-default elementor-section-height-default\" data-id=\"40839a78\" data-element_type=\"section\" data-e-type=\"section\" data-settings=\"{&quot;background_background&quot;:&quot;gradient&quot;}\">\n\t\t\t\t\t\t<div class=\"elementor-container elementor-column-gap-extended\">\n\t\t\t\t\t<div class=\"elementor-column elementor-col-50 elementor-top-column elementor-element elementor-element-12744ed\" data-id=\"12744ed\" data-element_type=\"column\" data-e-type=\"column\">\n\t\t\t<div class=\"elementor-widget-wrap elementor-element-populated\">\n\t\t\t\t\t\t<div class=\"elementor-element elementor-element-5c550eb1 elementor-widget elementor-widget-heading\" data-id=\"5c550eb1\" data-element_type=\"widget\" data-e-type=\"widget\" data-widget_type=\"heading.default\">\n\t\t\t\t<div class=\"elementor-widget-container\">\n\t\t\t\t\t<h2 class=\"elementor-heading-title elementor-size-default\">La nostra Senyora del Rosari<\/h2>\t\t\t\t<\/div>\n\t\t\t\t<\/div>\n\t\t\t\t<div class=\"elementor-element elementor-element-5acbb53e elementor-widget elementor-widget-text-editor\" data-id=\"5acbb53e\" data-element_type=\"widget\" data-e-type=\"widget\" data-widget_type=\"text-editor.default\">\n\t\t\t\t<div class=\"elementor-widget-container\">\n\t\t\t\t\t\t\t\t\t<p><span style=\"font-weight: 400;\">Les festes patronals en honor a La nostra Senyora del Rosari se celebren la setmana del 7 d&#8217;octubre, dia de la patrona d&#8217;Olocau. S\u00f3n unes festes repletes de devots actes <\/span><span style=\"font-weight: 400;\"> religiosos. Comencen amb el tradicional Tridu a la Verge del Rosari, tres dies de resos i celebracions. Un dels actes m\u00e9s rellevants s\u00f3n els Cants a l&#8217;Aurora que es realitzen a l&#8217;alba del dia 7. Eucaristies, rosaris, processons i, per descomptat, el volteig de campanes que dona solemnitat a aquesta tradici\u00f3, completen les festes.    <\/span><\/p>\n\t\t\t\t\t\t\t\t<\/div>\n\t\t\t\t<\/div>\n\t\t\t\t\t<\/div>\n\t\t<\/div>\n\t\t\t\t<div class=\"elementor-column elementor-col-50 elementor-top-column elementor-element elementor-element-2de8f1ce\" data-id=\"2de8f1ce\" data-element_type=\"column\" data-e-type=\"column\">\n\t\t\t<div class=\"elementor-widget-wrap elementor-element-populated\">\n\t\t\t\t\t\t<div class=\"elementor-element elementor-element-6594de1f elementor-widget elementor-widget-image\" data-id=\"6594de1f\" data-element_type=\"widget\" data-e-type=\"widget\" data-widget_type=\"image.default\">\n\t\t\t\t<div class=\"elementor-widget-container\">\n\t\t\t\t\t\t\t\t\t\t\t\t\t\t\t<img decoding=\"async\" width=\"1536\" height=\"2048\" src=\"https:\/\/turisme.olocau.es\/wp-content\/uploads\/2022\/09\/20220813_194103-1536x2048.jpg\" class=\"attachment-2048x2048 size-2048x2048 wp-image-3280\" alt=\"\" srcset=\"https:\/\/turisme.olocau.es\/wp-content\/uploads\/2022\/09\/20220813_194103-1536x2048.jpg 1536w, https:\/\/turisme.olocau.es\/wp-content\/uploads\/2022\/09\/20220813_194103-225x300.jpg 225w, https:\/\/turisme.olocau.es\/wp-content\/uploads\/2022\/09\/20220813_194103-768x1024.jpg 768w, https:\/\/turisme.olocau.es\/wp-content\/uploads\/2022\/09\/20220813_194103-1152x1536.jpg 1152w, https:\/\/turisme.olocau.es\/wp-content\/uploads\/2022\/09\/20220813_194103-scaled.jpg 1920w\" sizes=\"(max-width: 1536px) 100vw, 1536px\" \/>\t\t\t\t\t\t\t\t\t\t\t\t\t\t\t<\/div>\n\t\t\t\t<\/div>\n\t\t\t\t\t<\/div>\n\t\t<\/div>\n\t\t\t\t\t<\/div>\n\t\t<\/section>\n\t\t\t\t<section class=\"elementor-section elementor-top-section elementor-element elementor-element-3eaf7cc3 elementor-section-boxed elementor-section-height-default elementor-section-height-default\" data-id=\"3eaf7cc3\" data-element_type=\"section\" data-e-type=\"section\">\n\t\t\t\t\t\t<div class=\"elementor-container elementor-column-gap-no\">\n\t\t\t\t\t<div class=\"elementor-column elementor-col-100 elementor-top-column elementor-element elementor-element-f182db3\" data-id=\"f182db3\" data-element_type=\"column\" data-e-type=\"column\">\n\t\t\t<div class=\"elementor-widget-wrap elementor-element-populated\">\n\t\t\t\t\t\t<div class=\"elementor-element elementor-element-24b131c2 elementor-widget elementor-widget-text-editor\" data-id=\"24b131c2\" data-element_type=\"widget\" data-e-type=\"widget\" data-widget_type=\"text-editor.default\">\n\t\t\t\t<div class=\"elementor-widget-container\">\n\t\t\t\t\t\t\t\t\t<p><span style=\"font-weight: 400;\">\u00c9s un moment d&#8217;uni\u00f3 del poble, on no falten els sopars de germanor, col\u00b7locaci\u00f3 de banderes, xocolate, <\/span><i><span style=\"font-weight: 400;\">despert\u00e1<\/span><\/i><span style=\"font-weight: 400;\"> amb <\/span><i><span style=\"font-weight: 400;\">masclets i <\/span><\/i><span style=\"font-weight: 400;\">ofrena florar que finalitza amb una<\/span><i><span style=\"font-weight: 400;\"> masclet\u00e1. <\/span><\/i><span style=\"font-weight: 400;\">L&#8217;olor de p\u00f3lvora tan caracter\u00edstic de la Comunitat Valenciana i el so de la banda de m\u00fasica omplin els carrers d&#8217;Olocau durant les seues festes patronals. <\/span><\/p>\n<p><span style=\"font-weight: 400;\">Aquests festejos coincideixen amb el<\/span> <b>9 d&#8217;octubre,<\/b> <span style=\"font-weight: 400;\">moment que el municipi dona homenatge a la seua hist\u00f2ria rememorant l&#8217;entrada del rei Jaume I al territori valenci\u00e0, realitzant un acte institucional en la Sala d&#8217;actes de l&#8217;Ajuntament fent lliurament dels premis<\/span> <i><span style=\"font-weight: 400;\">Nauiba.<\/span><\/i><span style=\"font-weight: 400;\">. En aquestes jornades es pot gaudir del teatre infantil, el <\/span><i><span style=\"font-weight: 400;\">Concert per la conquesta<\/span><\/i><span style=\"font-weight: 400;\">, el sopar popular i discom\u00f3vil. El per\u00edode festiu conclou amb la <\/span><i><span style=\"font-weight: 400;\">Dans\u00e0,<\/span><\/i> <span style=\"font-weight: 400;\">un ball tradicional valenci\u00e0 que es realitza en la pla\u00e7a Major.<\/span><\/p>\n\t\t\t\t\t\t\t\t<\/div>\n\t\t\t\t<\/div>\n\t\t\t\t\t<\/div>\n\t\t<\/div>\n\t\t\t\t\t<\/div>\n\t\t<\/section>\n\t\t\t\t<section class=\"elementor-section elementor-top-section elementor-element elementor-element-57f61a51 elementor-section-boxed elementor-section-height-default elementor-section-height-default\" data-id=\"57f61a51\" data-element_type=\"section\" data-e-type=\"section\">\n\t\t\t\t\t\t<div class=\"elementor-container elementor-column-gap-no\">\n\t\t\t\t\t<div class=\"elementor-column elementor-col-100 elementor-top-column elementor-element elementor-element-438b8f18\" data-id=\"438b8f18\" data-element_type=\"column\" data-e-type=\"column\">\n\t\t\t<div class=\"elementor-widget-wrap elementor-element-populated\">\n\t\t\t\t\t\t<div class=\"elementor-element elementor-element-6cd483de elementor-widget elementor-widget-gallery\" data-id=\"6cd483de\" data-element_type=\"widget\" data-e-type=\"widget\" data-settings=\"{&quot;gallery_layout&quot;:&quot;grid&quot;,&quot;columns&quot;:4,&quot;columns_tablet&quot;:2,&quot;columns_mobile&quot;:1,&quot;gap&quot;:{&quot;unit&quot;:&quot;px&quot;,&quot;size&quot;:10,&quot;sizes&quot;:[]},&quot;gap_tablet&quot;:{&quot;unit&quot;:&quot;px&quot;,&quot;size&quot;:10,&quot;sizes&quot;:[]},&quot;gap_mobile&quot;:{&quot;unit&quot;:&quot;px&quot;,&quot;size&quot;:10,&quot;sizes&quot;:[]},&quot;link_to&quot;:&quot;file&quot;,&quot;aspect_ratio&quot;:&quot;3:2&quot;,&quot;overlay_background&quot;:&quot;yes&quot;,&quot;content_hover_animation&quot;:&quot;fade-in&quot;}\" data-widget_type=\"gallery.default\">\n\t\t\t\t<div class=\"elementor-widget-container\">\n\t\t\t\t\t\t\t<div class=\"elementor-gallery__container\">\n\t\t\t\t\t\t\t<a class=\"e-gallery-item elementor-gallery-item elementor-animated-content\" href=\"https:\/\/turisme.olocau.es\/wp-content\/uploads\/2022\/09\/20220814_104506-scaled.jpg\" data-elementor-open-lightbox=\"yes\" data-elementor-lightbox-slideshow=\"6cd483de\" data-e-action-hash=\"#elementor-action%3Aaction%3Dlightbox%26settings%3DeyJpZCI6MTc0OSwidXJsIjoiaHR0cHM6XC9cL3R1cmlzbWUub2xvY2F1LmVzXC93cC1jb250ZW50XC91cGxvYWRzXC8yMDIyXC8wOVwvMjAyMjA4MTRfMTA0NTA2LXNjYWxlZC5qcGciLCJzbGlkZXNob3ciOiI2Y2Q0ODNkZSJ9\">\n\t\t\t\t\t<div class=\"e-gallery-image elementor-gallery-item__image\" data-thumbnail=\"https:\/\/turisme.olocau.es\/wp-content\/uploads\/2022\/09\/20220814_104506-225x300.jpg\" data-width=\"225\" data-height=\"300\" aria-label=\"\" role=\"img\" ><\/div>\n\t\t\t\t\t\t\t\t\t\t\t<div class=\"elementor-gallery-item__overlay\"><\/div>\n\t\t\t\t\t\t\t\t\t\t\t\t\t\t<\/a>\n\t\t\t\t\t\t\t<a class=\"e-gallery-item elementor-gallery-item elementor-animated-content\" href=\"https:\/\/turisme.olocau.es\/wp-content\/uploads\/2022\/09\/20220814_104225-scaled.jpg\" data-elementor-open-lightbox=\"yes\" data-elementor-lightbox-slideshow=\"6cd483de\" data-e-action-hash=\"#elementor-action%3Aaction%3Dlightbox%26settings%3DeyJpZCI6MTc0NiwidXJsIjoiaHR0cHM6XC9cL3R1cmlzbWUub2xvY2F1LmVzXC93cC1jb250ZW50XC91cGxvYWRzXC8yMDIyXC8wOVwvMjAyMjA4MTRfMTA0MjI1LXNjYWxlZC5qcGciLCJzbGlkZXNob3ciOiI2Y2Q0ODNkZSJ9\">\n\t\t\t\t\t<div class=\"e-gallery-image elementor-gallery-item__image\" data-thumbnail=\"https:\/\/turisme.olocau.es\/wp-content\/uploads\/2022\/09\/20220814_104225-225x300.jpg\" data-width=\"225\" data-height=\"300\" aria-label=\"\" role=\"img\" ><\/div>\n\t\t\t\t\t\t\t\t\t\t\t<div class=\"elementor-gallery-item__overlay\"><\/div>\n\t\t\t\t\t\t\t\t\t\t\t\t\t\t<\/a>\n\t\t\t\t\t\t\t<a class=\"e-gallery-item elementor-gallery-item elementor-animated-content\" href=\"https:\/\/turisme.olocau.es\/wp-content\/uploads\/2022\/09\/20220813_194150-scaled.jpg\" data-elementor-open-lightbox=\"yes\" data-elementor-lightbox-slideshow=\"6cd483de\" data-e-action-hash=\"#elementor-action%3Aaction%3Dlightbox%26settings%3DeyJpZCI6MTc0NSwidXJsIjoiaHR0cHM6XC9cL3R1cmlzbWUub2xvY2F1LmVzXC93cC1jb250ZW50XC91cGxvYWRzXC8yMDIyXC8wOVwvMjAyMjA4MTNfMTk0MTUwLXNjYWxlZC5qcGciLCJzbGlkZXNob3ciOiI2Y2Q0ODNkZSJ9\">\n\t\t\t\t\t<div class=\"e-gallery-image elementor-gallery-item__image\" data-thumbnail=\"https:\/\/turisme.olocau.es\/wp-content\/uploads\/2022\/09\/20220813_194150-225x300.jpg\" data-width=\"225\" data-height=\"300\" aria-label=\"\" role=\"img\" ><\/div>\n\t\t\t\t\t\t\t\t\t\t\t<div class=\"elementor-gallery-item__overlay\"><\/div>\n\t\t\t\t\t\t\t\t\t\t\t\t\t\t<\/a>\n\t\t\t\t\t\t\t<a class=\"e-gallery-item elementor-gallery-item elementor-animated-content\" href=\"https:\/\/turisme.olocau.es\/wp-content\/uploads\/2022\/09\/20220814_104526-scaled.jpg\" data-elementor-open-lightbox=\"yes\" data-elementor-lightbox-slideshow=\"6cd483de\" data-e-action-hash=\"#elementor-action%3Aaction%3Dlightbox%26settings%3DeyJpZCI6MTc1MSwidXJsIjoiaHR0cHM6XC9cL3R1cmlzbWUub2xvY2F1LmVzXC93cC1jb250ZW50XC91cGxvYWRzXC8yMDIyXC8wOVwvMjAyMjA4MTRfMTA0NTI2LXNjYWxlZC5qcGciLCJzbGlkZXNob3ciOiI2Y2Q0ODNkZSJ9\">\n\t\t\t\t\t<div class=\"e-gallery-image elementor-gallery-item__image\" data-thumbnail=\"https:\/\/turisme.olocau.es\/wp-content\/uploads\/2022\/09\/20220814_104526-225x300.jpg\" data-width=\"225\" data-height=\"300\" aria-label=\"\" role=\"img\" ><\/div>\n\t\t\t\t\t\t\t\t\t\t\t<div class=\"elementor-gallery-item__overlay\"><\/div>\n\t\t\t\t\t\t\t\t\t\t\t\t\t\t<\/a>\n\t\t\t\t\t<\/div>\n\t\t\t\t\t<\/div>\n\t\t\t\t<\/div>\n\t\t\t\t\t<\/div>\n\t\t<\/div>\n\t\t\t\t\t<\/div>\n\t\t<\/section>\n\t\t\t\t<\/div>\n\t\t","protected":false},"excerpt":{"rendered":"<p>Entorn Cultural La nostra Senyora del Rosari Les festes patronals en honor a La nostra Senyora del Rosari se celebren la setmana del 7 d&#8217;octubre, dia de la patrona d&#8217;Olocau. S\u00f3n unes festes repletes de devots actes religiosos. Comencen amb el tradicional Tridu a la Verge del Rosari, tres dies de resos i celebracions. Un [&hellip;]<\/p>\n","protected":false},"author":1,"featured_media":0,"parent":3510,"menu_order":0,"comment_status":"closed","ping_status":"closed","template":"","meta":{"om_disable_all_campaigns":false,"_monsterinsights_skip_tracking":false,"_monsterinsights_sitenote_active":false,"_monsterinsights_sitenote_note":"","_monsterinsights_sitenote_category":0,"_uf_show_specific_survey":0,"_uf_disable_surveys":false,"footnotes":""},"class_list":["post-3518","page","type-page","status-publish","hentry"],"yoast_head":"<!-- This site is optimized with the Yoast SEO plugin v27.5 - https:\/\/yoast.com\/product\/yoast-seo-wordpress\/ -->\n<title>La nostra Senyora del Rosari - Turismo Olocau<\/title>\n<meta name=\"robots\" content=\"index, follow, max-snippet:-1, max-image-preview:large, max-video-preview:-1\" \/>\n<link rel=\"canonical\" href=\"https:\/\/turisme.olocau.es\/ca\/que-fer\/festes\/la-nostra-senyora-del-rosari\/\" \/>\n<meta property=\"og:locale\" content=\"en_US\" \/>\n<meta property=\"og:type\" content=\"article\" \/>\n<meta property=\"og:title\" content=\"La nostra Senyora del Rosari - Turismo Olocau\" \/>\n<meta property=\"og:description\" content=\"Entorn Cultural La nostra Senyora del Rosari Les festes patronals en honor a La nostra Senyora del Rosari se celebren la setmana del 7 d&#8217;octubre, dia de la patrona d&#8217;Olocau. S\u00f3n unes festes repletes de devots actes religiosos. Comencen amb el tradicional Tridu a la Verge del Rosari, tres dies de resos i celebracions. Un [&hellip;]\" \/>\n<meta property=\"og:url\" content=\"https:\/\/turisme.olocau.es\/ca\/que-fer\/festes\/la-nostra-senyora-del-rosari\/\" \/>\n<meta property=\"og:site_name\" content=\"Turismo Olocau\" \/>\n<meta property=\"article:publisher\" content=\"https:\/\/www.facebook.com\/Turisme-Olocau-110345021644060\" \/>\n<meta property=\"article:modified_time\" content=\"2022-11-24T11:45:47+00:00\" \/>\n<meta property=\"og:image\" content=\"https:\/\/turisme.olocau.es\/wp-content\/uploads\/2022\/06\/muestras.png\" \/>\n<meta name=\"twitter:card\" content=\"summary_large_image\" \/>\n<meta name=\"twitter:site\" content=\"@turismeolocau\" \/>\n<meta name=\"twitter:label1\" content=\"Est. reading time\" \/>\n\t<meta name=\"twitter:data1\" content=\"1 minute\" \/>\n<script type=\"application\/ld+json\" class=\"yoast-schema-graph\">{\"@context\":\"https:\\\/\\\/schema.org\",\"@graph\":[{\"@type\":\"WebPage\",\"@id\":\"https:\\\/\\\/turisme.olocau.es\\\/ca\\\/que-fer\\\/festes\\\/la-nostra-senyora-del-rosari\\\/\",\"url\":\"https:\\\/\\\/turisme.olocau.es\\\/ca\\\/que-fer\\\/festes\\\/la-nostra-senyora-del-rosari\\\/\",\"name\":\"La nostra Senyora del Rosari - Turismo Olocau\",\"isPartOf\":{\"@id\":\"https:\\\/\\\/turisme.olocau.es\\\/ca\\\/#website\"},\"primaryImageOfPage\":{\"@id\":\"https:\\\/\\\/turisme.olocau.es\\\/ca\\\/que-fer\\\/festes\\\/la-nostra-senyora-del-rosari\\\/#primaryimage\"},\"image\":{\"@id\":\"https:\\\/\\\/turisme.olocau.es\\\/ca\\\/que-fer\\\/festes\\\/la-nostra-senyora-del-rosari\\\/#primaryimage\"},\"thumbnailUrl\":\"https:\\\/\\\/turisme.olocau.es\\\/wp-content\\\/uploads\\\/2022\\\/06\\\/muestras.png\",\"datePublished\":\"2022-09-05T15:24:12+00:00\",\"dateModified\":\"2022-11-24T11:45:47+00:00\",\"breadcrumb\":{\"@id\":\"https:\\\/\\\/turisme.olocau.es\\\/ca\\\/que-fer\\\/festes\\\/la-nostra-senyora-del-rosari\\\/#breadcrumb\"},\"inLanguage\":\"val\",\"potentialAction\":[{\"@type\":\"ReadAction\",\"target\":[\"https:\\\/\\\/turisme.olocau.es\\\/ca\\\/que-fer\\\/festes\\\/la-nostra-senyora-del-rosari\\\/\"]}]},{\"@type\":\"ImageObject\",\"inLanguage\":\"val\",\"@id\":\"https:\\\/\\\/turisme.olocau.es\\\/ca\\\/que-fer\\\/festes\\\/la-nostra-senyora-del-rosari\\\/#primaryimage\",\"url\":\"https:\\\/\\\/turisme.olocau.es\\\/wp-content\\\/uploads\\\/2022\\\/06\\\/muestras.png\",\"contentUrl\":\"https:\\\/\\\/turisme.olocau.es\\\/wp-content\\\/uploads\\\/2022\\\/06\\\/muestras.png\"},{\"@type\":\"BreadcrumbList\",\"@id\":\"https:\\\/\\\/turisme.olocau.es\\\/ca\\\/que-fer\\\/festes\\\/la-nostra-senyora-del-rosari\\\/#breadcrumb\",\"itemListElement\":[{\"@type\":\"ListItem\",\"position\":1,\"name\":\"Portada\",\"item\":\"https:\\\/\\\/turisme.olocau.es\\\/ca\\\/\"},{\"@type\":\"ListItem\",\"position\":2,\"name\":\"Qu\u00e8 fer\",\"item\":\"https:\\\/\\\/turisme.olocau.es\\\/ca\\\/que-fer\\\/\"},{\"@type\":\"ListItem\",\"position\":3,\"name\":\"Festes\",\"item\":\"https:\\\/\\\/turisme.olocau.es\\\/ca\\\/que-hacer\\\/fiestas\\\/\"},{\"@type\":\"ListItem\",\"position\":4,\"name\":\"La nostra Senyora del Rosari\"}]},{\"@type\":\"WebSite\",\"@id\":\"https:\\\/\\\/turisme.olocau.es\\\/ca\\\/#website\",\"url\":\"https:\\\/\\\/turisme.olocau.es\\\/ca\\\/\",\"name\":\"Turismo Olocau\",\"description\":\"Visita Olocau\",\"publisher\":{\"@id\":\"https:\\\/\\\/turisme.olocau.es\\\/ca\\\/#organization\"},\"potentialAction\":[{\"@type\":\"SearchAction\",\"target\":{\"@type\":\"EntryPoint\",\"urlTemplate\":\"https:\\\/\\\/turisme.olocau.es\\\/ca\\\/?s={search_term_string}\"},\"query-input\":{\"@type\":\"PropertyValueSpecification\",\"valueRequired\":true,\"valueName\":\"search_term_string\"}}],\"inLanguage\":\"val\"},{\"@type\":\"Organization\",\"@id\":\"https:\\\/\\\/turisme.olocau.es\\\/ca\\\/#organization\",\"name\":\"Turismo Olocau\",\"url\":\"https:\\\/\\\/turisme.olocau.es\\\/ca\\\/\",\"logo\":{\"@type\":\"ImageObject\",\"inLanguage\":\"val\",\"@id\":\"https:\\\/\\\/turisme.olocau.es\\\/ca\\\/#\\\/schema\\\/logo\\\/image\\\/\",\"url\":\"https:\\\/\\\/turisme.olocau.es\\\/wp-content\\\/uploads\\\/2022\\\/07\\\/Logo-Olocau-turismo_color.png\",\"contentUrl\":\"https:\\\/\\\/turisme.olocau.es\\\/wp-content\\\/uploads\\\/2022\\\/07\\\/Logo-Olocau-turismo_color.png\",\"width\":300,\"height\":123,\"caption\":\"Turismo Olocau\"},\"image\":{\"@id\":\"https:\\\/\\\/turisme.olocau.es\\\/ca\\\/#\\\/schema\\\/logo\\\/image\\\/\"},\"sameAs\":[\"https:\\\/\\\/www.facebook.com\\\/Turisme-Olocau-110345021644060\",\"https:\\\/\\\/x.com\\\/turismeolocau\",\"https:\\\/\\\/www.instagram.com\\\/turismeolocau\\\/\"]}]}<\/script>\n<!-- \/ Yoast SEO plugin. -->","yoast_head_json":{"title":"La nostra Senyora del Rosari - Turismo Olocau","robots":{"index":"index","follow":"follow","max-snippet":"max-snippet:-1","max-image-preview":"max-image-preview:large","max-video-preview":"max-video-preview:-1"},"canonical":"https:\/\/turisme.olocau.es\/ca\/que-fer\/festes\/la-nostra-senyora-del-rosari\/","og_locale":"en_US","og_type":"article","og_title":"La nostra Senyora del Rosari - Turismo Olocau","og_description":"Entorn Cultural La nostra Senyora del Rosari Les festes patronals en honor a La nostra Senyora del Rosari se celebren la setmana del 7 d&#8217;octubre, dia de la patrona d&#8217;Olocau. S\u00f3n unes festes repletes de devots actes religiosos. Comencen amb el tradicional Tridu a la Verge del Rosari, tres dies de resos i celebracions. Un [&hellip;]","og_url":"https:\/\/turisme.olocau.es\/ca\/que-fer\/festes\/la-nostra-senyora-del-rosari\/","og_site_name":"Turismo Olocau","article_publisher":"https:\/\/www.facebook.com\/Turisme-Olocau-110345021644060","article_modified_time":"2022-11-24T11:45:47+00:00","og_image":[{"url":"https:\/\/turisme.olocau.es\/wp-content\/uploads\/2022\/06\/muestras.png","type":"","width":"","height":""}],"twitter_card":"summary_large_image","twitter_site":"@turismeolocau","twitter_misc":{"Est. reading time":"1 minute"},"schema":{"@context":"https:\/\/schema.org","@graph":[{"@type":"WebPage","@id":"https:\/\/turisme.olocau.es\/ca\/que-fer\/festes\/la-nostra-senyora-del-rosari\/","url":"https:\/\/turisme.olocau.es\/ca\/que-fer\/festes\/la-nostra-senyora-del-rosari\/","name":"La nostra Senyora del Rosari - Turismo Olocau","isPartOf":{"@id":"https:\/\/turisme.olocau.es\/ca\/#website"},"primaryImageOfPage":{"@id":"https:\/\/turisme.olocau.es\/ca\/que-fer\/festes\/la-nostra-senyora-del-rosari\/#primaryimage"},"image":{"@id":"https:\/\/turisme.olocau.es\/ca\/que-fer\/festes\/la-nostra-senyora-del-rosari\/#primaryimage"},"thumbnailUrl":"https:\/\/turisme.olocau.es\/wp-content\/uploads\/2022\/06\/muestras.png","datePublished":"2022-09-05T15:24:12+00:00","dateModified":"2022-11-24T11:45:47+00:00","breadcrumb":{"@id":"https:\/\/turisme.olocau.es\/ca\/que-fer\/festes\/la-nostra-senyora-del-rosari\/#breadcrumb"},"inLanguage":"val","potentialAction":[{"@type":"ReadAction","target":["https:\/\/turisme.olocau.es\/ca\/que-fer\/festes\/la-nostra-senyora-del-rosari\/"]}]},{"@type":"ImageObject","inLanguage":"val","@id":"https:\/\/turisme.olocau.es\/ca\/que-fer\/festes\/la-nostra-senyora-del-rosari\/#primaryimage","url":"https:\/\/turisme.olocau.es\/wp-content\/uploads\/2022\/06\/muestras.png","contentUrl":"https:\/\/turisme.olocau.es\/wp-content\/uploads\/2022\/06\/muestras.png"},{"@type":"BreadcrumbList","@id":"https:\/\/turisme.olocau.es\/ca\/que-fer\/festes\/la-nostra-senyora-del-rosari\/#breadcrumb","itemListElement":[{"@type":"ListItem","position":1,"name":"Portada","item":"https:\/\/turisme.olocau.es\/ca\/"},{"@type":"ListItem","position":2,"name":"Qu\u00e8 fer","item":"https:\/\/turisme.olocau.es\/ca\/que-fer\/"},{"@type":"ListItem","position":3,"name":"Festes","item":"https:\/\/turisme.olocau.es\/ca\/que-hacer\/fiestas\/"},{"@type":"ListItem","position":4,"name":"La nostra Senyora del Rosari"}]},{"@type":"WebSite","@id":"https:\/\/turisme.olocau.es\/ca\/#website","url":"https:\/\/turisme.olocau.es\/ca\/","name":"Turismo Olocau","description":"Visita Olocau","publisher":{"@id":"https:\/\/turisme.olocau.es\/ca\/#organization"},"potentialAction":[{"@type":"SearchAction","target":{"@type":"EntryPoint","urlTemplate":"https:\/\/turisme.olocau.es\/ca\/?s={search_term_string}"},"query-input":{"@type":"PropertyValueSpecification","valueRequired":true,"valueName":"search_term_string"}}],"inLanguage":"val"},{"@type":"Organization","@id":"https:\/\/turisme.olocau.es\/ca\/#organization","name":"Turismo Olocau","url":"https:\/\/turisme.olocau.es\/ca\/","logo":{"@type":"ImageObject","inLanguage":"val","@id":"https:\/\/turisme.olocau.es\/ca\/#\/schema\/logo\/image\/","url":"https:\/\/turisme.olocau.es\/wp-content\/uploads\/2022\/07\/Logo-Olocau-turismo_color.png","contentUrl":"https:\/\/turisme.olocau.es\/wp-content\/uploads\/2022\/07\/Logo-Olocau-turismo_color.png","width":300,"height":123,"caption":"Turismo Olocau"},"image":{"@id":"https:\/\/turisme.olocau.es\/ca\/#\/schema\/logo\/image\/"},"sameAs":["https:\/\/www.facebook.com\/Turisme-Olocau-110345021644060","https:\/\/x.com\/turismeolocau","https:\/\/www.instagram.com\/turismeolocau\/"]}]}},"_edit_lock":"","_wpml_word_count":"","_wp_page_template":"default","_edit_last":"","_elementor_edit_mode":"builder","_elementor_template_type":"wp-page","_elementor_version":"3.8.0","_elementor_pro_version":"","_elementor_data":"[{\"id\":\"52c33a7c\",\"elType\":\"section\",\"settings\":{\"layout\":\"full_width\",\"margin\":{\"unit\":\"px\",\"top\":\"-100\",\"right\":0,\"bottom\":\"-201\",\"left\":0,\"isLinked\":false},\"padding\":{\"unit\":\"px\",\"top\":\"0\",\"right\":\"0\",\"bottom\":\"0\",\"left\":\"0\",\"isLinked\":true},\"_element_id\":\"arriba\"},\"elements\":[{\"id\":\"6a95a66d\",\"elType\":\"column\",\"settings\":{\"_column_size\":100,\"_inline_size\":null,\"margin\":{\"unit\":\"px\",\"top\":\"0\",\"right\":\"0\",\"bottom\":\"0\",\"left\":\"0\",\"isLinked\":true},\"padding\":{\"unit\":\"px\",\"top\":\"0\",\"right\":\"0\",\"bottom\":\"0\",\"left\":\"0\",\"isLinked\":true}},\"elements\":[{\"id\":\"6dcd4eb2\",\"elType\":\"widget\",\"settings\":{\"slides\":[{\"heading\":\"\",\"description\":\"\",\"button_text\":\"\",\"_id\":\"f782748\",\"background_image\":{\"url\":\"https:\\\/\\\/turisme.olocau.es\\\/wp-content\\\/uploads\\\/2022\\\/09\\\/20220814_104417-scaled.jpg\",\"id\":1747,\"alt\":\"\",\"source\":\"library\"},\"background_ken_burns\":\"yes\",\"custom_style\":\"yes\",\"horizontal_position\":\"center\",\"vertical_position\":\"top\",\"__globals__\":{\"background_color\":\"globals\\\/colors?id=primary\"},\"index\":0}],\"slides_height\":{\"unit\":\"px\",\"size\":499,\"sizes\":[]},\"_margin\":{\"unit\":\"px\",\"top\":\"0\",\"right\":\"0\",\"bottom\":\"0\",\"left\":\"0\",\"isLinked\":true},\"_padding\":{\"unit\":\"px\",\"top\":\"0\",\"right\":\"0\",\"bottom\":\"0\",\"left\":\"0\",\"isLinked\":true},\"navigation\":\"none\",\"pause_on_hover\":\"\",\"pause_on_interaction\":\"\",\"content_animation\":\"fadeInLeft\",\"content_max_width\":{\"unit\":\"%\",\"size\":100,\"sizes\":[]},\"slides_padding\":{\"unit\":\"px\",\"top\":\"0\",\"right\":\"0\",\"bottom\":\"0\",\"left\":\"0\",\"isLinked\":true},\"heading_spacing\":{\"unit\":\"px\",\"size\":0,\"sizes\":[]},\"heading_color\":\"#FFFFFF\",\"heading_typography_typography\":\"custom\",\"heading_typography_font_family\":\"Montserrat\",\"heading_typography_font_size\":{\"unit\":\"px\",\"size\":44,\"sizes\":[]},\"heading_typography_font_weight\":\"300\",\"description_typography_typography\":\"custom\",\"description_typography_font_family\":\"Montserrat\",\"description_typography_font_size\":{\"unit\":\"px\",\"size\":44,\"sizes\":[]},\"description_typography_font_weight\":\"300\",\"button_size\":\"xs\",\"button_typography_typography\":\"custom\",\"button_typography_font_family\":\"Montserrat\",\"button_typography_font_size\":{\"unit\":\"px\",\"size\":44,\"sizes\":[]},\"button_typography_font_weight\":\"300\",\"button_text_color\":\"#FFFFFF\",\"custom_css\":\".elementor-slide-heading::first-line {\\n    background-color: #C42A1E;\\n    padding:3px 10px;\\n    max-width:100%;\\n    margin: 0 auto;\\n}\\n.elementor-slide-description::first-line {\\n    background-color: #D67D1F;\\n    padding:0px 10px;\\n    margin:10px auto;\\n    max-width:100%;\\n}\\n.elementor-slide-description {\\n    margin:10px auto;\\n}\",\"__globals__\":{\"button_background_color\":\"globals\\\/colors?id=136950b4\",\"button_border_color\":\"globals\\\/colors?id=136950b4\"},\"infinite\":\"\",\"transition\":\"fade\"},\"elements\":[],\"widgetType\":\"slides\"}],\"isInner\":false}],\"isInner\":false},{\"id\":\"21432f8a\",\"elType\":\"section\",\"settings\":{\"margin\":{\"unit\":\"px\",\"top\":\"0\",\"right\":0,\"bottom\":\"0\",\"left\":0,\"isLinked\":false},\"padding\":{\"unit\":\"px\",\"top\":\"0\",\"right\":\"0\",\"bottom\":\"0\",\"left\":\"0\",\"isLinked\":true},\"z_index\":2},\"elements\":[{\"id\":\"5c351a0c\",\"elType\":\"column\",\"settings\":{\"_column_size\":100,\"_inline_size\":null,\"margin\":{\"unit\":\"px\",\"top\":\"0\",\"right\":\"0\",\"bottom\":\"0\",\"left\":\"0\",\"isLinked\":true},\"padding\":{\"unit\":\"px\",\"top\":\"0\",\"right\":\"0\",\"bottom\":\"0\",\"left\":\"0\",\"isLinked\":true}},\"elements\":[{\"id\":\"156849e2\",\"elType\":\"widget\",\"settings\":{\"image\":{\"url\":\"https:\\\/\\\/turisme.olocau.es\\\/wp-content\\\/uploads\\\/2022\\\/06\\\/muestras.png\",\"id\":83,\"alt\":\"\",\"source\":\"library\"},\"align\":\"right\",\"_margin\":{\"unit\":\"px\",\"top\":\"-1\",\"right\":\"0\",\"bottom\":\"0\",\"left\":\"0\",\"isLinked\":false},\"_padding\":{\"unit\":\"px\",\"top\":\"0\",\"right\":\"0\",\"bottom\":\"0\",\"left\":\"0\",\"isLinked\":true}},\"elements\":[],\"widgetType\":\"image\"}],\"isInner\":false}],\"isInner\":false},{\"id\":\"30f6fa9d\",\"elType\":\"section\",\"settings\":{\"margin\":{\"unit\":\"px\",\"top\":\"-100\",\"right\":0,\"bottom\":\"50\",\"left\":0,\"isLinked\":false}},\"elements\":[{\"id\":\"74333fe1\",\"elType\":\"column\",\"settings\":{\"_column_size\":100,\"_inline_size\":null},\"elements\":[{\"id\":\"38b3c8db\",\"elType\":\"widget\",\"settings\":{\"title\":\"Entorn Cultural\",\"align\":\"center\",\"__globals__\":{\"title_color\":\"globals\\\/colors?id=text\"}},\"elements\":[],\"widgetType\":\"heading\"}],\"isInner\":false}],\"isInner\":false},{\"id\":\"40839a78\",\"elType\":\"section\",\"settings\":{\"content_width\":{\"unit\":\"px\",\"size\":1032,\"sizes\":[]},\"gap\":\"extended\",\"custom_height\":{\"unit\":\"px\",\"size\":267,\"sizes\":[]},\"structure\":\"20\",\"margin\":{\"unit\":\"px\",\"top\":\"-53\",\"right\":0,\"bottom\":\"0\",\"left\":0,\"isLinked\":false},\"padding\":{\"unit\":\"px\",\"top\":\"60\",\"right\":\"0\",\"bottom\":\"60\",\"left\":\"0\",\"isLinked\":false},\"background_background\":\"gradient\",\"background_gradient_angle\":{\"unit\":\"deg\",\"size\":130,\"sizes\":[]},\"__globals__\":{\"background_color\":\"globals\\\/colors?id=primary\",\"background_color_b\":\"globals\\\/colors?id=secondary\"},\"padding_mobile\":{\"unit\":\"px\",\"top\":\"60\",\"right\":\"20\",\"bottom\":\"60\",\"left\":\"20\",\"isLinked\":false}},\"elements\":[{\"id\":\"12744ed\",\"elType\":\"column\",\"settings\":{\"_column_size\":50,\"_inline_size\":null,\"margin\":{\"unit\":\"px\",\"top\":\"0\",\"right\":\"10\",\"bottom\":\"0\",\"left\":\"0\",\"isLinked\":false},\"padding\":{\"unit\":\"px\",\"top\":\"0\",\"right\":\"0\",\"bottom\":\"0\",\"left\":\"0\",\"isLinked\":true}},\"elements\":[{\"id\":\"5c550eb1\",\"elType\":\"widget\",\"settings\":{\"title\":\"La nostra Senyora del Rosari\",\"typography_typography\":\"custom\",\"typography_font_family\":\"Montserrat\",\"typography_font_size\":{\"unit\":\"px\",\"size\":30,\"sizes\":[]},\"typography_font_weight\":\"600\",\"__globals__\":{\"title_color\":\"globals\\\/colors?id=accent\"}},\"elements\":[],\"widgetType\":\"heading\"},{\"id\":\"5acbb53e\",\"elType\":\"widget\",\"settings\":{\"editor\":\"<p><span style=\\\"font-weight: 400;\\\">Les festes patronals en honor a La nostra Senyora del Rosari se celebren la setmana del 7 d'octubre, dia de la patrona d'Olocau. S\\u00f3n unes festes repletes de devots actes <\\\/span><span style=\\\"font-weight: 400;\\\"> religiosos. Comencen amb el tradicional Tridu a la Verge del Rosari, tres dies de resos i celebracions. Un dels actes m\\u00e9s rellevants s\\u00f3n els Cants a l'Aurora que es realitzen a l'alba del dia 7. Eucaristies, rosaris, processons i, per descomptat, el volteig de campanes que dona solemnitat a aquesta tradici\\u00f3, completen les festes.    <\\\/span><\\\/p>\\n\",\"typography_typography\":\"custom\",\"typography_font_family\":\"Montserrat\",\"typography_font_size\":{\"unit\":\"px\",\"size\":16,\"sizes\":[]},\"typography_font_weight\":\"500\",\"__globals__\":{\"text_color\":\"globals\\\/colors?id=2e4e3250\"}},\"elements\":[],\"widgetType\":\"text-editor\"}],\"isInner\":false},{\"id\":\"2de8f1ce\",\"elType\":\"column\",\"settings\":{\"_column_size\":50,\"_inline_size\":null,\"margin\":{\"unit\":\"px\",\"top\":\"0\",\"right\":\"10\",\"bottom\":\"0\",\"left\":\"10\",\"isLinked\":false},\"padding\":{\"unit\":\"px\",\"top\":\"0\",\"right\":\"0\",\"bottom\":\"0\",\"left\":\"0\",\"isLinked\":true}},\"elements\":[{\"id\":\"6594de1f\",\"elType\":\"widget\",\"settings\":{\"_margin\":{\"unit\":\"px\",\"top\":\"0\",\"right\":\"0\",\"bottom\":\"0\",\"left\":\"80\",\"isLinked\":false},\"image\":{\"url\":\"https:\\\/\\\/turisme.olocau.es\\\/wp-content\\\/uploads\\\/2022\\\/09\\\/20220813_194103-scaled.jpg\",\"id\":1744,\"alt\":\"\",\"source\":\"library\"},\"image_size\":\"2048x2048\",\"_margin_mobile\":{\"unit\":\"px\",\"top\":\"0\",\"right\":\"0\",\"bottom\":\"0\",\"left\":\"0\",\"isLinked\":true}},\"elements\":[],\"widgetType\":\"image\"}],\"isInner\":false}],\"isInner\":false},{\"id\":\"3eaf7cc3\",\"elType\":\"section\",\"settings\":{\"content_width\":{\"unit\":\"px\",\"size\":1032,\"sizes\":[]},\"gap\":\"no\",\"margin\":{\"unit\":\"px\",\"top\":\"60\",\"right\":0,\"bottom\":\"60\",\"left\":0,\"isLinked\":true},\"padding_mobile\":{\"unit\":\"px\",\"top\":\"0\",\"right\":\"20\",\"bottom\":\"0\",\"left\":\"20\",\"isLinked\":false}},\"elements\":[{\"id\":\"f182db3\",\"elType\":\"column\",\"settings\":{\"_column_size\":100,\"_inline_size\":null},\"elements\":[{\"id\":\"24b131c2\",\"elType\":\"widget\",\"settings\":{\"editor\":\"<p><span style=\\\"font-weight: 400;\\\">\\u00c9s un moment d'uni\\u00f3 del poble, on no falten els sopars de germanor, col\\u00b7locaci\\u00f3 de banderes, xocolate, <\\\/span><i><span style=\\\"font-weight: 400;\\\">despert\\u00e1<\\\/span><\\\/i><span style=\\\"font-weight: 400;\\\"> amb <\\\/span><i><span style=\\\"font-weight: 400;\\\">masclets i <\\\/span><\\\/i><span style=\\\"font-weight: 400;\\\">ofrena florar que finalitza amb una<\\\/span><i><span style=\\\"font-weight: 400;\\\"> masclet\\u00e1. <\\\/span><\\\/i><span style=\\\"font-weight: 400;\\\">L'olor de p\\u00f3lvora tan caracter\\u00edstic de la Comunitat Valenciana i el so de la banda de m\\u00fasica omplin els carrers d'Olocau durant les seues festes patronals. <\\\/span><\\\/p>\\n<p><span style=\\\"font-weight: 400;\\\">Aquests festejos coincideixen amb el<\\\/span> <b>9 d'octubre,<\\\/b> <span style=\\\"font-weight: 400;\\\">moment que el municipi dona homenatge a la seua hist\\u00f2ria rememorant l'entrada del rei Jaume I al territori valenci\\u00e0, realitzant un acte institucional en la Sala d'actes de l'Ajuntament fent lliurament dels premis<\\\/span> <i><span style=\\\"font-weight: 400;\\\">Nauiba.<\\\/span><\\\/i><span style=\\\"font-weight: 400;\\\">. En aquestes jornades es pot gaudir del teatre infantil, el <\\\/span><i><span style=\\\"font-weight: 400;\\\">Concert per la conquesta<\\\/span><\\\/i><span style=\\\"font-weight: 400;\\\">, el sopar popular i discom\\u00f3vil. El per\\u00edode festiu conclou amb la <\\\/span><i><span style=\\\"font-weight: 400;\\\">Dans\\u00e0,<\\\/span><\\\/i> <span style=\\\"font-weight: 400;\\\">un ball tradicional valenci\\u00e0 que es realitza en la pla\\u00e7a Major.<\\\/span><\\\/p>\\n\",\"typography_typography\":\"custom\",\"typography_font_family\":\"Montserrat\",\"typography_font_size\":{\"unit\":\"px\",\"size\":16,\"sizes\":[]},\"typography_font_weight\":\"500\"},\"elements\":[],\"widgetType\":\"text-editor\"}],\"isInner\":false}],\"isInner\":false},{\"id\":\"57f61a51\",\"elType\":\"section\",\"settings\":{\"content_width\":{\"unit\":\"px\",\"size\":1032,\"sizes\":[]},\"gap\":\"no\",\"margin\":{\"unit\":\"px\",\"top\":\"60\",\"right\":0,\"bottom\":\"60\",\"left\":0,\"isLinked\":true}},\"elements\":[{\"id\":\"438b8f18\",\"elType\":\"column\",\"settings\":{\"_column_size\":100,\"_inline_size\":null},\"elements\":[{\"id\":\"6cd483de\",\"elType\":\"widget\",\"settings\":{\"gallery\":[{\"id\":1749,\"url\":\"https:\\\/\\\/turisme.olocau.es\\\/wp-content\\\/uploads\\\/2022\\\/09\\\/20220814_104506-scaled.jpg\"},{\"id\":1746,\"url\":\"https:\\\/\\\/turisme.olocau.es\\\/wp-content\\\/uploads\\\/2022\\\/09\\\/20220814_104225-scaled.jpg\"},{\"id\":1745,\"url\":\"https:\\\/\\\/turisme.olocau.es\\\/wp-content\\\/uploads\\\/2022\\\/09\\\/20220813_194150-scaled.jpg\"},{\"id\":1751,\"url\":\"https:\\\/\\\/turisme.olocau.es\\\/wp-content\\\/uploads\\\/2022\\\/09\\\/20220814_104526-scaled.jpg\"}],\"galleries\":[{\"gallery_title\":\"Nova galeria\",\"_id\":\"17d8ac9\",\"index\":0}],\"show_all_galleries_label\":\"Tot\",\"lazyload\":\"\"},\"elements\":[],\"widgetType\":\"gallery\"}],\"isInner\":false}],\"isInner\":false}]","_elementor_page_assets":{"styles":["e-animation-fadeInLeft","e-swiper","widget-slides","widget-image","widget-heading","widget-gallery","elementor-gallery","e-transitions"],"scripts":["imagesloaded","elementor-frontend","elementor-gallery"]},"_yoast_wpseo_content_score":"","_yoast_wpseo_estimated-reading-time-minutes":"","_elementor_page_settings":{"hide_title":"yes"},"_elementor_controls_usage":"","_wpml_media_featured":"","_wpml_media_duplicate":"","_top_nav_excluded":"","_cms_nav_minihome":"","_elementor_template_widget_type":"","_last_translation_edit_mode":"translation-editor","_yoast_wpseo_focuskw":"","_yoast_wpseo_metadesc":"","_yoast_wpseo_linkdex":"","_yoast_wpseo_wordproof_timestamp":"","_thumbnail_id":"","_yoast_wpseo_opengraph-title":"","_yoast_wpseo_opengraph-description":"","_yoast_wpseo_opengraph-image":"","_yoast_wpseo_opengraph-image-id":"","_yoast_wpseo_twitter-title":"","_yoast_wpseo_twitter-description":"","_yoast_wpseo_twitter-image":"","_yoast_wpseo_twitter-image-id":"","_elementor_css":{"time":1777483531,"fonts":["Montserrat"],"icons":[],"dynamic_elements_ids":[],"status":"file","0":""},"_cdp_origin":"","_cdp_origin_site":"","_cdp_origin_title":"","_cdp_counter":"","_oembed_1715d3fe5f1b4894d69c403ed95c6d1f":"","_oembed_7b3a3160db89c87d5fa3541f189de6fa":"","_wpml_post_translation_editor_native":"","_wp_trash_meta_status":"","_wp_trash_meta_time":"","_wp_desired_post_slug":"","_links":{"self":[{"href":"https:\/\/turisme.olocau.es\/ca\/wp-json\/wp\/v2\/pages\/3518","targetHints":{"allow":["GET"]}}],"collection":[{"href":"https:\/\/turisme.olocau.es\/ca\/wp-json\/wp\/v2\/pages"}],"about":[{"href":"https:\/\/turisme.olocau.es\/ca\/wp-json\/wp\/v2\/types\/page"}],"author":[{"embeddable":true,"href":"https:\/\/turisme.olocau.es\/ca\/wp-json\/wp\/v2\/users\/1"}],"replies":[{"embeddable":true,"href":"https:\/\/turisme.olocau.es\/ca\/wp-json\/wp\/v2\/comments?post=3518"}],"version-history":[{"count":2,"href":"https:\/\/turisme.olocau.es\/ca\/wp-json\/wp\/v2\/pages\/3518\/revisions"}],"predecessor-version":[{"id":3959,"href":"https:\/\/turisme.olocau.es\/ca\/wp-json\/wp\/v2\/pages\/3518\/revisions\/3959"}],"up":[{"embeddable":true,"href":"https:\/\/turisme.olocau.es\/ca\/wp-json\/wp\/v2\/pages\/3510"}],"wp:attachment":[{"href":"https:\/\/turisme.olocau.es\/ca\/wp-json\/wp\/v2\/media?parent=3518"}],"curies":[{"name":"wp","href":"https:\/\/api.w.org\/{rel}","templated":true}]}}