{"id":3499,"date":"2022-07-15T11:00:21","date_gmt":"2022-07-15T11:00:21","guid":{"rendered":"https:\/\/turisme.olocau.es\/que-fer\/entorn-natural\/paisatge-de-secans\/"},"modified":"2022-11-21T16:06:45","modified_gmt":"2022-11-21T16:06:45","slug":"paisatge-de-secans","status":"publish","type":"page","link":"https:\/\/turisme.olocau.es\/ca\/que-fer\/entorn-natural\/paisatge-de-secans\/","title":{"rendered":"Paisatge de secans"},"content":{"rendered":"\t\t<div data-elementor-type=\"wp-page\" data-elementor-id=\"3499\" class=\"elementor elementor-3499 elementor-722\" data-elementor-post-type=\"page\">\n\t\t\t\t\t\t<section class=\"elementor-section elementor-top-section elementor-element elementor-element-75332afe elementor-section-full_width elementor-section-height-default elementor-section-height-default\" data-id=\"75332afe\" data-element_type=\"section\" data-e-type=\"section\">\n\t\t\t\t\t\t<div class=\"elementor-container elementor-column-gap-default\">\n\t\t\t\t\t<div class=\"elementor-column elementor-col-100 elementor-top-column elementor-element elementor-element-7a33047c\" data-id=\"7a33047c\" data-element_type=\"column\" data-e-type=\"column\">\n\t\t\t<div class=\"elementor-widget-wrap elementor-element-populated\">\n\t\t\t\t\t\t<div class=\"elementor-element elementor-element-4ae3ebc7 elementor--h-position-center elementor--v-position-middle elementor-widget elementor-widget-slides\" data-id=\"4ae3ebc7\" data-element_type=\"widget\" data-e-type=\"widget\" data-settings=\"{&quot;navigation&quot;:&quot;none&quot;,&quot;transition&quot;:&quot;fade&quot;,&quot;autoplay&quot;:&quot;yes&quot;,&quot;autoplay_speed&quot;:5000,&quot;transition_speed&quot;:500}\" data-widget_type=\"slides.default\">\n\t\t\t\t<div class=\"elementor-widget-container\">\n\t\t\t\t\t\t\t\t\t<div class=\"elementor-swiper\">\n\t\t\t\t\t<div class=\"elementor-slides-wrapper elementor-main-swiper swiper\" role=\"region\" aria-roledescription=\"carousel\" aria-label=\"Slides\" dir=\"ltr\" data-animation=\"fadeInLeft\">\n\t\t\t\t<div class=\"swiper-wrapper elementor-slides\">\n\t\t\t\t\t\t\t\t\t\t<div class=\"elementor-repeater-item-f782748 swiper-slide\" role=\"group\" aria-roledescription=\"slide\"><div class=\"swiper-slide-bg elementor-ken-burns elementor-ken-burns--in\" role=\"img\"><\/div><div class=\"swiper-slide-inner\" ><div class=\"swiper-slide-contents\"><\/div><\/div><\/div>\t\t\t\t<\/div>\n\t\t\t\t\t\t\t<\/div>\n\t\t\t\t<\/div>\n\t\t\t\t\t\t\t\t<\/div>\n\t\t\t\t<\/div>\n\t\t\t\t\t<\/div>\n\t\t<\/div>\n\t\t\t\t\t<\/div>\n\t\t<\/section>\n\t\t\t\t<section class=\"elementor-section elementor-top-section elementor-element elementor-element-714cd165 elementor-section-boxed elementor-section-height-default elementor-section-height-default\" data-id=\"714cd165\" data-element_type=\"section\" data-e-type=\"section\">\n\t\t\t\t\t\t<div class=\"elementor-container elementor-column-gap-default\">\n\t\t\t\t\t<div class=\"elementor-column elementor-col-100 elementor-top-column elementor-element elementor-element-4facb4ff\" data-id=\"4facb4ff\" data-element_type=\"column\" data-e-type=\"column\">\n\t\t\t<div class=\"elementor-widget-wrap elementor-element-populated\">\n\t\t\t\t\t\t<div class=\"elementor-element elementor-element-24bc1cab elementor-widget elementor-widget-image\" data-id=\"24bc1cab\" data-element_type=\"widget\" data-e-type=\"widget\" data-widget_type=\"image.default\">\n\t\t\t\t<div class=\"elementor-widget-container\">\n\t\t\t\t\t\t\t\t\t\t\t\t\t\t\t<img fetchpriority=\"high\" decoding=\"async\" width=\"202\" height=\"253\" src=\"https:\/\/turisme.olocau.es\/wp-content\/uploads\/2022\/06\/muestras.png\" class=\"attachment-large size-large wp-image-2634\" alt=\"\" \/>\t\t\t\t\t\t\t\t\t\t\t\t\t\t\t<\/div>\n\t\t\t\t<\/div>\n\t\t\t\t\t<\/div>\n\t\t<\/div>\n\t\t\t\t\t<\/div>\n\t\t<\/section>\n\t\t\t\t<section class=\"elementor-section elementor-top-section elementor-element elementor-element-6c4a1ed3 elementor-section-boxed elementor-section-height-default elementor-section-height-default\" data-id=\"6c4a1ed3\" data-element_type=\"section\" data-e-type=\"section\">\n\t\t\t\t\t\t<div class=\"elementor-container elementor-column-gap-default\">\n\t\t\t\t\t<div class=\"elementor-column elementor-col-100 elementor-top-column elementor-element elementor-element-4810632a\" data-id=\"4810632a\" data-element_type=\"column\" data-e-type=\"column\">\n\t\t\t<div class=\"elementor-widget-wrap elementor-element-populated\">\n\t\t\t\t\t\t<div class=\"elementor-element elementor-element-5a4b7c30 elementor-widget elementor-widget-heading\" data-id=\"5a4b7c30\" data-element_type=\"widget\" data-e-type=\"widget\" data-widget_type=\"heading.default\">\n\t\t\t\t<div class=\"elementor-widget-container\">\n\t\t\t\t\t<h2 class=\"elementor-heading-title elementor-size-default\">Entorn Cultural<\/h2>\t\t\t\t<\/div>\n\t\t\t\t<\/div>\n\t\t\t\t\t<\/div>\n\t\t<\/div>\n\t\t\t\t\t<\/div>\n\t\t<\/section>\n\t\t\t\t<section class=\"elementor-section elementor-top-section elementor-element elementor-element-28f5923f elementor-section-boxed elementor-section-height-default elementor-section-height-default\" data-id=\"28f5923f\" data-element_type=\"section\" data-e-type=\"section\" data-settings=\"{&quot;background_background&quot;:&quot;gradient&quot;}\">\n\t\t\t\t\t\t<div class=\"elementor-container elementor-column-gap-extended\">\n\t\t\t\t\t<div class=\"elementor-column elementor-col-50 elementor-top-column elementor-element elementor-element-1b848f4d\" data-id=\"1b848f4d\" data-element_type=\"column\" data-e-type=\"column\">\n\t\t\t<div class=\"elementor-widget-wrap elementor-element-populated\">\n\t\t\t\t\t\t<div class=\"elementor-element elementor-element-41e3c54c elementor-widget elementor-widget-heading\" data-id=\"41e3c54c\" data-element_type=\"widget\" data-e-type=\"widget\" data-widget_type=\"heading.default\">\n\t\t\t\t<div class=\"elementor-widget-container\">\n\t\t\t\t\t<h2 class=\"elementor-heading-title elementor-size-default\">Paisatge de secans<\/h2>\t\t\t\t<\/div>\n\t\t\t\t<\/div>\n\t\t\t\t<div class=\"elementor-element elementor-element-363ee62c elementor-widget elementor-widget-text-editor\" data-id=\"363ee62c\" data-element_type=\"widget\" data-e-type=\"widget\" data-widget_type=\"text-editor.default\">\n\t\t\t\t<div class=\"elementor-widget-container\">\n\t\t\t\t\t\t\t\t\t<p><span style=\"font-weight: 400;\">En el terme municipal d&#8217;Olocau, a m\u00e9s de grans zones muntanyenques i cultius de regadiu, existeixen \u00e0mplies extensions de cultius de sec\u00e0 amb oliveres, garroferes i ametlers. El cultiu de les terres d&#8217;Olocau \u00e9s molt antic, existeixen evid\u00e8ncies d&#8217;origen rom\u00e0 de l&#8217;explotaci\u00f3 agr\u00edcola com en la vila del <\/span><i><span style=\"font-weight: 400;\">Pitxir\u00ed.<\/span><\/i><span style=\"font-weight: 400;\"> Aquest paisatge \u00e9s per s\u00ed un valor patrimonial!<\/span><\/p>\n<p><span style=\"font-weight: 400;\">Existeixen dos ambients principals, la zona baixa i plana en les partides del<\/span> <i><span style=\"font-weight: 400;\">Pla de Sanxis<\/span><\/i><span style=\"font-weight: 400;\">, cultivades des de l&#8217;antiguitat, i les zones de muntanya abancalades a partir del s. XVIII \u2013 XIX que van modelar els vessants amb camps m\u00e9s redu\u00efts i de dif\u00edcil acc\u00e9s. <br \/><\/span><\/p>\n\t\t\t\t\t\t\t\t<\/div>\n\t\t\t\t<\/div>\n\t\t\t\t\t<\/div>\n\t\t<\/div>\n\t\t\t\t<div class=\"elementor-column elementor-col-50 elementor-top-column elementor-element elementor-element-5e345910\" data-id=\"5e345910\" data-element_type=\"column\" data-e-type=\"column\">\n\t\t\t<div class=\"elementor-widget-wrap elementor-element-populated\">\n\t\t\t\t\t\t<div class=\"elementor-element elementor-element-739b0d31 elementor-widget elementor-widget-image\" data-id=\"739b0d31\" data-element_type=\"widget\" data-e-type=\"widget\" data-widget_type=\"image.default\">\n\t\t\t\t<div class=\"elementor-widget-container\">\n\t\t\t\t\t\t\t\t\t\t\t\t\t\t\t<img decoding=\"async\" width=\"2048\" height=\"1282\" src=\"https:\/\/turisme.olocau.es\/wp-content\/uploads\/2022\/07\/JLBI2661-1-2048x1282.jpg\" class=\"attachment-2048x2048 size-2048x2048 wp-image-3052\" alt=\"\" srcset=\"https:\/\/turisme.olocau.es\/wp-content\/uploads\/2022\/07\/JLBI2661-1-2048x1282.jpg 2048w, https:\/\/turisme.olocau.es\/wp-content\/uploads\/2022\/07\/JLBI2661-1-300x188.jpg 300w, https:\/\/turisme.olocau.es\/wp-content\/uploads\/2022\/07\/JLBI2661-1-1024x641.jpg 1024w, https:\/\/turisme.olocau.es\/wp-content\/uploads\/2022\/07\/JLBI2661-1-768x481.jpg 768w, https:\/\/turisme.olocau.es\/wp-content\/uploads\/2022\/07\/JLBI2661-1-1536x962.jpg 1536w\" sizes=\"(max-width: 2048px) 100vw, 2048px\" \/>\t\t\t\t\t\t\t\t\t\t\t\t\t\t\t<\/div>\n\t\t\t\t<\/div>\n\t\t\t\t\t<\/div>\n\t\t<\/div>\n\t\t\t\t\t<\/div>\n\t\t<\/section>\n\t\t\t\t<section class=\"elementor-section elementor-top-section elementor-element elementor-element-24556fa3 elementor-section-boxed elementor-section-height-default elementor-section-height-default\" data-id=\"24556fa3\" data-element_type=\"section\" data-e-type=\"section\">\n\t\t\t\t\t\t<div class=\"elementor-container elementor-column-gap-no\">\n\t\t\t\t\t<div class=\"elementor-column elementor-col-100 elementor-top-column elementor-element elementor-element-56f1b1e\" data-id=\"56f1b1e\" data-element_type=\"column\" data-e-type=\"column\">\n\t\t\t<div class=\"elementor-widget-wrap elementor-element-populated\">\n\t\t\t\t\t\t<div class=\"elementor-element elementor-element-7383ee8 elementor-widget elementor-widget-text-editor\" data-id=\"7383ee8\" data-element_type=\"widget\" data-e-type=\"widget\" data-widget_type=\"text-editor.default\">\n\t\t\t\t<div class=\"elementor-widget-container\">\n\t\t\t\t\t\t\t\t\t<p><span style=\"font-weight: 400;\">En aquests ambients podem gaudir d&#8217;arquitectura rural com a forns de cal\u00e7, corrals, murs de bancals, aljubs o<\/span> <i><span style=\"font-weight: 400;\">catxirulos,<\/span><\/i> <span style=\"font-weight: 400;\">nom que reben en la Serra *Calderona els refugis constru\u00efts en pedra en sec per agricultors i pastors.<\/span> <\/p>\n<\/p>\n<p><span style=\"font-weight: 400;\">L&#8217;any 2018 la t\u00e8cnica de pedra en sec va ser declarada per la Unesco Patrimoni Immaterial de la Humanitat. Olocau conserva multitud de construccions fetes amb aquesta t\u00e8cnica, que demostren les grans habilitats constructives i d&#8217;aprofitament dels recursos dels agricultors i pastors de *olocauinos.  <\/span><\/p>\n<\/p>\n<p><span style=\"font-weight: 400;\">Una \u00e8poca especial per a rec\u00f3rrer-los \u00e9s el final de l&#8217;hivern, coincidint amb la floraci\u00f3 dels ametlers, quan gaudireu de coloracions espectaculars. En la vostra visita a Olocau no us perdeu aquest paisatge, podreu con\u00e9ixer-lo amb la Ruta de Pedralvilla.  <\/span><\/p>\n<p><br style=\"font-weight: 400;\"><br style=\"font-weight: 400;\"><\/p>\n\t\t\t\t\t\t\t\t<\/div>\n\t\t\t\t<\/div>\n\t\t\t\t\t<\/div>\n\t\t<\/div>\n\t\t\t\t\t<\/div>\n\t\t<\/section>\n\t\t\t\t<section class=\"elementor-section elementor-top-section elementor-element elementor-element-6d6212c elementor-section-boxed elementor-section-height-default elementor-section-height-default\" data-id=\"6d6212c\" data-element_type=\"section\" data-e-type=\"section\">\n\t\t\t\t\t\t<div class=\"elementor-container elementor-column-gap-no\">\n\t\t\t\t\t<div class=\"elementor-column elementor-col-100 elementor-top-column elementor-element elementor-element-e9cbd16\" data-id=\"e9cbd16\" data-element_type=\"column\" data-e-type=\"column\">\n\t\t\t<div class=\"elementor-widget-wrap elementor-element-populated\">\n\t\t\t\t\t\t<div class=\"elementor-element elementor-element-f0ef237 elementor-widget elementor-widget-gallery\" data-id=\"f0ef237\" data-element_type=\"widget\" data-e-type=\"widget\" data-settings=\"{&quot;columns&quot;:3,&quot;lazyload&quot;:&quot;yes&quot;,&quot;gallery_layout&quot;:&quot;grid&quot;,&quot;columns_tablet&quot;:2,&quot;columns_mobile&quot;:1,&quot;gap&quot;:{&quot;unit&quot;:&quot;px&quot;,&quot;size&quot;:10,&quot;sizes&quot;:[]},&quot;gap_tablet&quot;:{&quot;unit&quot;:&quot;px&quot;,&quot;size&quot;:10,&quot;sizes&quot;:[]},&quot;gap_mobile&quot;:{&quot;unit&quot;:&quot;px&quot;,&quot;size&quot;:10,&quot;sizes&quot;:[]},&quot;link_to&quot;:&quot;file&quot;,&quot;aspect_ratio&quot;:&quot;3:2&quot;,&quot;overlay_background&quot;:&quot;yes&quot;,&quot;content_hover_animation&quot;:&quot;fade-in&quot;}\" data-widget_type=\"gallery.default\">\n\t\t\t\t<div class=\"elementor-widget-container\">\n\t\t\t\t\t\t\t<div class=\"elementor-gallery__container\">\n\t\t\t\t\t\t\t<a class=\"e-gallery-item elementor-gallery-item elementor-animated-content\" href=\"https:\/\/turisme.olocau.es\/wp-content\/uploads\/2022\/07\/garrofera-4.jpg\" data-elementor-open-lightbox=\"yes\" data-elementor-lightbox-slideshow=\"f0ef237\" data-elementor-lightbox-title=\"Paisaje de secanos\" data-e-action-hash=\"#elementor-action%3Aaction%3Dlightbox%26settings%3DeyJpZCI6NDQwLCJ1cmwiOiJodHRwczpcL1wvdHVyaXNtZS5vbG9jYXUuZXNcL3dwLWNvbnRlbnRcL3VwbG9hZHNcLzIwMjJcLzA3XC9nYXJyb2ZlcmEtNC5qcGciLCJzbGlkZXNob3ciOiJmMGVmMjM3In0%3D\">\n\t\t\t\t\t<div class=\"e-gallery-image elementor-gallery-item__image\" data-thumbnail=\"https:\/\/turisme.olocau.es\/wp-content\/uploads\/2022\/07\/garrofera-4.jpg\" data-width=\"1600\" data-height=\"1067\" aria-label=\"\" role=\"img\" ><\/div>\n\t\t\t\t\t\t\t\t\t\t\t<div class=\"elementor-gallery-item__overlay\"><\/div>\n\t\t\t\t\t\t\t\t\t\t\t\t\t\t<\/a>\n\t\t\t\t\t\t\t<a class=\"e-gallery-item elementor-gallery-item elementor-animated-content\" href=\"https:\/\/turisme.olocau.es\/wp-content\/uploads\/2022\/07\/JLBI3521.jpg\" data-elementor-open-lightbox=\"yes\" data-elementor-lightbox-slideshow=\"f0ef237\" data-elementor-lightbox-title=\"Paisaje de secanos\" data-e-action-hash=\"#elementor-action%3Aaction%3Dlightbox%26settings%3DeyJpZCI6MTAyNywidXJsIjoiaHR0cHM6XC9cL3R1cmlzbWUub2xvY2F1LmVzXC93cC1jb250ZW50XC91cGxvYWRzXC8yMDIyXC8wN1wvSkxCSTM1MjEuanBnIiwic2xpZGVzaG93IjoiZjBlZjIzNyJ9\">\n\t\t\t\t\t<div class=\"e-gallery-image elementor-gallery-item__image\" data-thumbnail=\"https:\/\/turisme.olocau.es\/wp-content\/uploads\/2022\/07\/JLBI3521.jpg\" data-width=\"2362\" data-height=\"1461\" aria-label=\"\" role=\"img\" ><\/div>\n\t\t\t\t\t\t\t\t\t\t\t<div class=\"elementor-gallery-item__overlay\"><\/div>\n\t\t\t\t\t\t\t\t\t\t\t\t\t\t<\/a>\n\t\t\t\t\t\t\t<a class=\"e-gallery-item elementor-gallery-item elementor-animated-content\" href=\"https:\/\/turisme.olocau.es\/wp-content\/uploads\/2022\/07\/JLBI2678-1.jpg\" data-elementor-open-lightbox=\"yes\" data-elementor-lightbox-slideshow=\"f0ef237\" data-elementor-lightbox-title=\"Paisaje de secanos\" data-e-action-hash=\"#elementor-action%3Aaction%3Dlightbox%26settings%3DeyJpZCI6MTAyNCwidXJsIjoiaHR0cHM6XC9cL3R1cmlzbWUub2xvY2F1LmVzXC93cC1jb250ZW50XC91cGxvYWRzXC8yMDIyXC8wN1wvSkxCSTI2NzgtMS5qcGciLCJzbGlkZXNob3ciOiJmMGVmMjM3In0%3D\">\n\t\t\t\t\t<div class=\"e-gallery-image elementor-gallery-item__image\" data-thumbnail=\"https:\/\/turisme.olocau.es\/wp-content\/uploads\/2022\/07\/JLBI2678-1.jpg\" data-width=\"2362\" data-height=\"1575\" aria-label=\"\" role=\"img\" ><\/div>\n\t\t\t\t\t\t\t\t\t\t\t<div class=\"elementor-gallery-item__overlay\"><\/div>\n\t\t\t\t\t\t\t\t\t\t\t\t\t\t<\/a>\n\t\t\t\t\t\t\t<a class=\"e-gallery-item elementor-gallery-item elementor-animated-content\" href=\"https:\/\/turisme.olocau.es\/wp-content\/uploads\/2022\/07\/JLBI2563.jpg\" data-elementor-open-lightbox=\"yes\" data-elementor-lightbox-slideshow=\"f0ef237\" data-elementor-lightbox-title=\"Paisaje de secanos\" data-e-action-hash=\"#elementor-action%3Aaction%3Dlightbox%26settings%3DeyJpZCI6MTAyNiwidXJsIjoiaHR0cHM6XC9cL3R1cmlzbWUub2xvY2F1LmVzXC93cC1jb250ZW50XC91cGxvYWRzXC8yMDIyXC8wN1wvSkxCSTI1NjMuanBnIiwic2xpZGVzaG93IjoiZjBlZjIzNyJ9\">\n\t\t\t\t\t<div class=\"e-gallery-image elementor-gallery-item__image\" data-thumbnail=\"https:\/\/turisme.olocau.es\/wp-content\/uploads\/2022\/07\/JLBI2563.jpg\" data-width=\"2362\" data-height=\"1453\" aria-label=\"\" role=\"img\" ><\/div>\n\t\t\t\t\t\t\t\t\t\t\t<div class=\"elementor-gallery-item__overlay\"><\/div>\n\t\t\t\t\t\t\t\t\t\t\t\t\t\t<\/a>\n\t\t\t\t\t\t\t<a class=\"e-gallery-item elementor-gallery-item elementor-animated-content\" href=\"https:\/\/turisme.olocau.es\/wp-content\/uploads\/2022\/07\/Macollades-OLOCAU-01-2.jpg\" data-elementor-open-lightbox=\"yes\" data-elementor-lightbox-slideshow=\"f0ef237\" data-elementor-lightbox-title=\"Paisaje de secanos\" data-e-action-hash=\"#elementor-action%3Aaction%3Dlightbox%26settings%3DeyJpZCI6MTE3NywidXJsIjoiaHR0cHM6XC9cL3R1cmlzbWUub2xvY2F1LmVzXC93cC1jb250ZW50XC91cGxvYWRzXC8yMDIyXC8wN1wvTWFjb2xsYWRlcy1PTE9DQVUtMDEtMi5qcGciLCJzbGlkZXNob3ciOiJmMGVmMjM3In0%3D\">\n\t\t\t\t\t<div class=\"e-gallery-image elementor-gallery-item__image\" data-thumbnail=\"https:\/\/turisme.olocau.es\/wp-content\/uploads\/2022\/07\/Macollades-OLOCAU-01-2.jpg\" data-width=\"2000\" data-height=\"1500\" aria-label=\"\" role=\"img\" ><\/div>\n\t\t\t\t\t\t\t\t\t\t\t<div class=\"elementor-gallery-item__overlay\"><\/div>\n\t\t\t\t\t\t\t\t\t\t\t\t\t\t<\/a>\n\t\t\t\t\t\t\t<a class=\"e-gallery-item elementor-gallery-item elementor-animated-content\" href=\"https:\/\/turisme.olocau.es\/wp-content\/uploads\/2022\/07\/Macollades-OLOCAU-02-2.jpg\" data-elementor-open-lightbox=\"yes\" data-elementor-lightbox-slideshow=\"f0ef237\" data-elementor-lightbox-title=\"Paisaje de secanos\" data-e-action-hash=\"#elementor-action%3Aaction%3Dlightbox%26settings%3DeyJpZCI6MTE3OCwidXJsIjoiaHR0cHM6XC9cL3R1cmlzbWUub2xvY2F1LmVzXC93cC1jb250ZW50XC91cGxvYWRzXC8yMDIyXC8wN1wvTWFjb2xsYWRlcy1PTE9DQVUtMDItMi5qcGciLCJzbGlkZXNob3ciOiJmMGVmMjM3In0%3D\">\n\t\t\t\t\t<div class=\"e-gallery-image elementor-gallery-item__image\" data-thumbnail=\"https:\/\/turisme.olocau.es\/wp-content\/uploads\/2022\/07\/Macollades-OLOCAU-02-2.jpg\" data-width=\"1803\" data-height=\"1489\" aria-label=\"\" role=\"img\" ><\/div>\n\t\t\t\t\t\t\t\t\t\t\t<div class=\"elementor-gallery-item__overlay\"><\/div>\n\t\t\t\t\t\t\t\t\t\t\t\t\t\t<\/a>\n\t\t\t\t\t<\/div>\n\t\t\t\t\t<\/div>\n\t\t\t\t<\/div>\n\t\t\t\t\t<\/div>\n\t\t<\/div>\n\t\t\t\t\t<\/div>\n\t\t<\/section>\n\t\t\t\t<section class=\"elementor-section elementor-top-section elementor-element elementor-element-1705801 elementor-section-stretched elementor-section-boxed elementor-section-height-default elementor-section-height-default\" data-id=\"1705801\" data-element_type=\"section\" data-e-type=\"section\" data-settings=\"{&quot;stretch_section&quot;:&quot;section-stretched&quot;}\">\n\t\t\t\t\t\t<div class=\"elementor-container elementor-column-gap-no\">\n\t\t\t\t\t<div class=\"elementor-column elementor-col-100 elementor-top-column elementor-element elementor-element-53ffa8a\" data-id=\"53ffa8a\" data-element_type=\"column\" data-e-type=\"column\">\n\t\t\t<div class=\"elementor-widget-wrap elementor-element-populated\">\n\t\t\t\t\t\t<div class=\"elementor-element elementor-element-4fa3a8b elementor-widget elementor-widget-heading\" data-id=\"4fa3a8b\" data-element_type=\"widget\" data-e-type=\"widget\" data-widget_type=\"heading.default\">\n\t\t\t\t<div class=\"elementor-widget-container\">\n\t\t\t\t\t<h2 class=\"elementor-heading-title elementor-size-default\">Ruta de Pedralvilla<\/h2>\t\t\t\t<\/div>\n\t\t\t\t<\/div>\n\t\t\t\t<section class=\"elementor-section elementor-inner-section elementor-element elementor-element-49e5514 elementor-section-boxed elementor-section-height-default elementor-section-height-default\" data-id=\"49e5514\" data-element_type=\"section\" data-e-type=\"section\">\n\t\t\t\t\t\t<div class=\"elementor-container elementor-column-gap-default\">\n\t\t\t\t\t<div class=\"elementor-column elementor-col-50 elementor-inner-column elementor-element elementor-element-4bbf28a\" data-id=\"4bbf28a\" data-element_type=\"column\" data-e-type=\"column\">\n\t\t\t<div class=\"elementor-widget-wrap elementor-element-populated\">\n\t\t\t\t\t\t<div class=\"elementor-element elementor-element-e5917f7 elementor-widget elementor-widget-text-editor\" data-id=\"e5917f7\" data-element_type=\"widget\" data-e-type=\"widget\" data-widget_type=\"text-editor.default\">\n\t\t\t\t<div class=\"elementor-widget-container\">\n\t\t\t\t\t\t\t\t\t<p>La ruta de Pedralvilla \u00e9s una ruta circular de 12 km, de dificultat baixa i un desnivell de 100 metres, que permet arribar fins a la urbanitzaci\u00f3 de Pedralvilla per l&#8217;antic cam\u00ed d&#8217;acc\u00e9s a Olocau des del sud.<\/p>\n<p>Comen\u00e7areu el recorregut a la <em>Casa de la Senyoria<\/em> i deix\u00e0reu arrere el poble descendint cap al sud pel barranc del <em>Carraixet<\/em>. Durant el trajecte gaudireu gran varietat de paisatges, comen\u00e7ant pel tram agrest del principi del *Barrranco del <em>Carraixet<\/em>, que despr\u00e9s dona pas als vermellosos penya-segats tan espectaculars de la zona. En arribar a la partida del Campillo podreu gaudir de la flora mediterr\u00e0nia i el paisatge de major producci\u00f3 agr\u00edcola d&#8217;Olocau.  <\/p>\n<p>\u00c9s recomanable realitzar la ruta al final de l&#8217;hivern, en l&#8217;\u00e8poca de floraci\u00f3 dels ametlers aquest paisatge \u00e9s un espectacle per a la vista. A m\u00e9s, molt prop de la ruta podreu descobrir un dels arbres monumentals d&#8217;Olocau, una garrofera amb un tronc de m\u00e9s de 6 metres de di\u00e0metre. <\/p>\n\t\t\t\t\t\t\t\t<\/div>\n\t\t\t\t<\/div>\n\t\t\t\t<div class=\"elementor-element elementor-element-087231e elementor-widget elementor-widget-button\" data-id=\"087231e\" data-element_type=\"widget\" data-e-type=\"widget\" data-widget_type=\"button.default\">\n\t\t\t\t<div class=\"elementor-widget-container\">\n\t\t\t\t\t\t\t\t\t<div class=\"elementor-button-wrapper\">\n\t\t\t\t\t<a class=\"elementor-button elementor-button-link elementor-size-sm\" href=\"https:\/\/gl.wikiloc.com\/rutas-sendeirismo\/ruta-de-la-pedralvilla-108580082#lb-embed\" target=\"_blank\">\n\t\t\t\t\t\t<span class=\"elementor-button-content-wrapper\">\n\t\t\t\t\t\t\t\t\t<span class=\"elementor-button-text\">Veure ruta<\/span>\n\t\t\t\t\t<\/span>\n\t\t\t\t\t<\/a>\n\t\t\t\t<\/div>\n\t\t\t\t\t\t\t\t<\/div>\n\t\t\t\t<\/div>\n\t\t\t\t\t<\/div>\n\t\t<\/div>\n\t\t\t\t<div class=\"elementor-column elementor-col-50 elementor-inner-column elementor-element elementor-element-76689eb\" data-id=\"76689eb\" data-element_type=\"column\" data-e-type=\"column\">\n\t\t\t<div class=\"elementor-widget-wrap elementor-element-populated\">\n\t\t\t\t\t\t<div class=\"elementor-element elementor-element-65e3c63 elementor-widget elementor-widget-html\" data-id=\"65e3c63\" data-element_type=\"widget\" data-e-type=\"widget\" data-widget_type=\"html.default\">\n\t\t\t\t<div class=\"elementor-widget-container\">\n\t\t\t\t\t<iframe frameborder=\"0\" scrolling=\"no\" src=\"https:\/\/gl.wikiloc.com\/wikiloc\/spatialArtifacts.do?event=view&amp;id=108580082&amp;measures=on&amp;title=off&amp;near=off&amp;images=off&amp;maptype=H\" width=\"600\" height=\"700\"><\/iframe><div style=\"color:#777;font-size:11px;line-height:16px;\"><\/div>\t\t\t\t<\/div>\n\t\t\t\t<\/div>\n\t\t\t\t\t<\/div>\n\t\t<\/div>\n\t\t\t\t\t<\/div>\n\t\t<\/section>\n\t\t\t\t<div class=\"elementor-element elementor-element-4d4a548 elementor-widget elementor-widget-spacer\" data-id=\"4d4a548\" data-element_type=\"widget\" data-e-type=\"widget\" data-widget_type=\"spacer.default\">\n\t\t\t\t<div class=\"elementor-widget-container\">\n\t\t\t\t\t\t\t<div class=\"elementor-spacer\">\n\t\t\t<div class=\"elementor-spacer-inner\"><\/div>\n\t\t<\/div>\n\t\t\t\t\t\t<\/div>\n\t\t\t\t<\/div>\n\t\t\t\t\t<\/div>\n\t\t<\/div>\n\t\t\t\t\t<\/div>\n\t\t<\/section>\n\t\t\t\t<\/div>\n\t\t","protected":false},"excerpt":{"rendered":"<p>Entorn Cultural Paisatge de secans En el terme municipal d&#8217;Olocau, a m\u00e9s de grans zones muntanyenques i cultius de regadiu, existeixen \u00e0mplies extensions de cultius de sec\u00e0 amb oliveres, garroferes i ametlers. El cultiu de les terres d&#8217;Olocau \u00e9s molt antic, existeixen evid\u00e8ncies d&#8217;origen rom\u00e0 de l&#8217;explotaci\u00f3 agr\u00edcola com en la vila del Pitxir\u00ed. Aquest [&hellip;]<\/p>\n","protected":false},"author":1,"featured_media":0,"parent":3490,"menu_order":0,"comment_status":"closed","ping_status":"closed","template":"","meta":{"om_disable_all_campaigns":false,"_monsterinsights_skip_tracking":false,"_monsterinsights_sitenote_active":false,"_monsterinsights_sitenote_note":"","_monsterinsights_sitenote_category":0,"_uf_show_specific_survey":0,"_uf_disable_surveys":false,"footnotes":""},"class_list":["post-3499","page","type-page","status-publish","hentry"],"yoast_head":"<!-- This site is optimized with the Yoast SEO plugin v27.5 - https:\/\/yoast.com\/product\/yoast-seo-wordpress\/ -->\n<title>Paisatge de secans - Turismo Olocau<\/title>\n<meta name=\"robots\" content=\"index, follow, max-snippet:-1, max-image-preview:large, max-video-preview:-1\" \/>\n<link rel=\"canonical\" href=\"https:\/\/turisme.olocau.es\/ca\/que-fer\/entorn-natural\/paisatge-de-secans\/\" \/>\n<meta property=\"og:locale\" content=\"en_US\" \/>\n<meta property=\"og:type\" content=\"article\" \/>\n<meta property=\"og:title\" content=\"Paisatge de secans - Turismo Olocau\" \/>\n<meta property=\"og:description\" content=\"Entorn Cultural Paisatge de secans En el terme municipal d&#8217;Olocau, a m\u00e9s de grans zones muntanyenques i cultius de regadiu, existeixen \u00e0mplies extensions de cultius de sec\u00e0 amb oliveres, garroferes i ametlers. El cultiu de les terres d&#8217;Olocau \u00e9s molt antic, existeixen evid\u00e8ncies d&#8217;origen rom\u00e0 de l&#8217;explotaci\u00f3 agr\u00edcola com en la vila del Pitxir\u00ed. Aquest [&hellip;]\" \/>\n<meta property=\"og:url\" content=\"https:\/\/turisme.olocau.es\/ca\/que-fer\/entorn-natural\/paisatge-de-secans\/\" \/>\n<meta property=\"og:site_name\" content=\"Turismo Olocau\" \/>\n<meta property=\"article:publisher\" content=\"https:\/\/www.facebook.com\/Turisme-Olocau-110345021644060\" \/>\n<meta property=\"article:modified_time\" content=\"2022-11-21T16:06:45+00:00\" \/>\n<meta property=\"og:image\" content=\"https:\/\/turisme.olocau.es\/wp-content\/uploads\/2022\/06\/muestras.png\" \/>\n<meta name=\"twitter:card\" content=\"summary_large_image\" \/>\n<meta name=\"twitter:site\" content=\"@turismeolocau\" \/>\n<meta name=\"twitter:label1\" content=\"Est. reading time\" \/>\n\t<meta name=\"twitter:data1\" content=\"2 minutes\" \/>\n<script type=\"application\/ld+json\" class=\"yoast-schema-graph\">{\"@context\":\"https:\\\/\\\/schema.org\",\"@graph\":[{\"@type\":\"WebPage\",\"@id\":\"https:\\\/\\\/turisme.olocau.es\\\/ca\\\/que-fer\\\/entorn-natural\\\/paisatge-de-secans\\\/\",\"url\":\"https:\\\/\\\/turisme.olocau.es\\\/ca\\\/que-fer\\\/entorn-natural\\\/paisatge-de-secans\\\/\",\"name\":\"Paisatge de secans - Turismo Olocau\",\"isPartOf\":{\"@id\":\"https:\\\/\\\/turisme.olocau.es\\\/ca\\\/#website\"},\"primaryImageOfPage\":{\"@id\":\"https:\\\/\\\/turisme.olocau.es\\\/ca\\\/que-fer\\\/entorn-natural\\\/paisatge-de-secans\\\/#primaryimage\"},\"image\":{\"@id\":\"https:\\\/\\\/turisme.olocau.es\\\/ca\\\/que-fer\\\/entorn-natural\\\/paisatge-de-secans\\\/#primaryimage\"},\"thumbnailUrl\":\"https:\\\/\\\/turisme.olocau.es\\\/wp-content\\\/uploads\\\/2022\\\/06\\\/muestras.png\",\"datePublished\":\"2022-07-15T11:00:21+00:00\",\"dateModified\":\"2022-11-21T16:06:45+00:00\",\"breadcrumb\":{\"@id\":\"https:\\\/\\\/turisme.olocau.es\\\/ca\\\/que-fer\\\/entorn-natural\\\/paisatge-de-secans\\\/#breadcrumb\"},\"inLanguage\":\"val\",\"potentialAction\":[{\"@type\":\"ReadAction\",\"target\":[\"https:\\\/\\\/turisme.olocau.es\\\/ca\\\/que-fer\\\/entorn-natural\\\/paisatge-de-secans\\\/\"]}]},{\"@type\":\"ImageObject\",\"inLanguage\":\"val\",\"@id\":\"https:\\\/\\\/turisme.olocau.es\\\/ca\\\/que-fer\\\/entorn-natural\\\/paisatge-de-secans\\\/#primaryimage\",\"url\":\"https:\\\/\\\/turisme.olocau.es\\\/wp-content\\\/uploads\\\/2022\\\/06\\\/muestras.png\",\"contentUrl\":\"https:\\\/\\\/turisme.olocau.es\\\/wp-content\\\/uploads\\\/2022\\\/06\\\/muestras.png\"},{\"@type\":\"BreadcrumbList\",\"@id\":\"https:\\\/\\\/turisme.olocau.es\\\/ca\\\/que-fer\\\/entorn-natural\\\/paisatge-de-secans\\\/#breadcrumb\",\"itemListElement\":[{\"@type\":\"ListItem\",\"position\":1,\"name\":\"Portada\",\"item\":\"https:\\\/\\\/turisme.olocau.es\\\/ca\\\/\"},{\"@type\":\"ListItem\",\"position\":2,\"name\":\"Qu\u00e8 fer\",\"item\":\"https:\\\/\\\/turisme.olocau.es\\\/ca\\\/que-fer\\\/\"},{\"@type\":\"ListItem\",\"position\":3,\"name\":\"Entorn natural\",\"item\":\"https:\\\/\\\/turisme.olocau.es\\\/ca\\\/que-fer\\\/entorn-natural\\\/\"},{\"@type\":\"ListItem\",\"position\":4,\"name\":\"Paisatge de secans\"}]},{\"@type\":\"WebSite\",\"@id\":\"https:\\\/\\\/turisme.olocau.es\\\/ca\\\/#website\",\"url\":\"https:\\\/\\\/turisme.olocau.es\\\/ca\\\/\",\"name\":\"Turismo Olocau\",\"description\":\"Visita Olocau\",\"publisher\":{\"@id\":\"https:\\\/\\\/turisme.olocau.es\\\/ca\\\/#organization\"},\"potentialAction\":[{\"@type\":\"SearchAction\",\"target\":{\"@type\":\"EntryPoint\",\"urlTemplate\":\"https:\\\/\\\/turisme.olocau.es\\\/ca\\\/?s={search_term_string}\"},\"query-input\":{\"@type\":\"PropertyValueSpecification\",\"valueRequired\":true,\"valueName\":\"search_term_string\"}}],\"inLanguage\":\"val\"},{\"@type\":\"Organization\",\"@id\":\"https:\\\/\\\/turisme.olocau.es\\\/ca\\\/#organization\",\"name\":\"Turismo Olocau\",\"url\":\"https:\\\/\\\/turisme.olocau.es\\\/ca\\\/\",\"logo\":{\"@type\":\"ImageObject\",\"inLanguage\":\"val\",\"@id\":\"https:\\\/\\\/turisme.olocau.es\\\/ca\\\/#\\\/schema\\\/logo\\\/image\\\/\",\"url\":\"https:\\\/\\\/turisme.olocau.es\\\/wp-content\\\/uploads\\\/2022\\\/07\\\/Logo-Olocau-turismo_color.png\",\"contentUrl\":\"https:\\\/\\\/turisme.olocau.es\\\/wp-content\\\/uploads\\\/2022\\\/07\\\/Logo-Olocau-turismo_color.png\",\"width\":300,\"height\":123,\"caption\":\"Turismo Olocau\"},\"image\":{\"@id\":\"https:\\\/\\\/turisme.olocau.es\\\/ca\\\/#\\\/schema\\\/logo\\\/image\\\/\"},\"sameAs\":[\"https:\\\/\\\/www.facebook.com\\\/Turisme-Olocau-110345021644060\",\"https:\\\/\\\/x.com\\\/turismeolocau\",\"https:\\\/\\\/www.instagram.com\\\/turismeolocau\\\/\"]}]}<\/script>\n<!-- \/ Yoast SEO plugin. -->","yoast_head_json":{"title":"Paisatge de secans - Turismo Olocau","robots":{"index":"index","follow":"follow","max-snippet":"max-snippet:-1","max-image-preview":"max-image-preview:large","max-video-preview":"max-video-preview:-1"},"canonical":"https:\/\/turisme.olocau.es\/ca\/que-fer\/entorn-natural\/paisatge-de-secans\/","og_locale":"en_US","og_type":"article","og_title":"Paisatge de secans - Turismo Olocau","og_description":"Entorn Cultural Paisatge de secans En el terme municipal d&#8217;Olocau, a m\u00e9s de grans zones muntanyenques i cultius de regadiu, existeixen \u00e0mplies extensions de cultius de sec\u00e0 amb oliveres, garroferes i ametlers. El cultiu de les terres d&#8217;Olocau \u00e9s molt antic, existeixen evid\u00e8ncies d&#8217;origen rom\u00e0 de l&#8217;explotaci\u00f3 agr\u00edcola com en la vila del Pitxir\u00ed. Aquest [&hellip;]","og_url":"https:\/\/turisme.olocau.es\/ca\/que-fer\/entorn-natural\/paisatge-de-secans\/","og_site_name":"Turismo Olocau","article_publisher":"https:\/\/www.facebook.com\/Turisme-Olocau-110345021644060","article_modified_time":"2022-11-21T16:06:45+00:00","og_image":[{"url":"https:\/\/turisme.olocau.es\/wp-content\/uploads\/2022\/06\/muestras.png","type":"","width":"","height":""}],"twitter_card":"summary_large_image","twitter_site":"@turismeolocau","twitter_misc":{"Est. reading time":"2 minutes"},"schema":{"@context":"https:\/\/schema.org","@graph":[{"@type":"WebPage","@id":"https:\/\/turisme.olocau.es\/ca\/que-fer\/entorn-natural\/paisatge-de-secans\/","url":"https:\/\/turisme.olocau.es\/ca\/que-fer\/entorn-natural\/paisatge-de-secans\/","name":"Paisatge de secans - Turismo Olocau","isPartOf":{"@id":"https:\/\/turisme.olocau.es\/ca\/#website"},"primaryImageOfPage":{"@id":"https:\/\/turisme.olocau.es\/ca\/que-fer\/entorn-natural\/paisatge-de-secans\/#primaryimage"},"image":{"@id":"https:\/\/turisme.olocau.es\/ca\/que-fer\/entorn-natural\/paisatge-de-secans\/#primaryimage"},"thumbnailUrl":"https:\/\/turisme.olocau.es\/wp-content\/uploads\/2022\/06\/muestras.png","datePublished":"2022-07-15T11:00:21+00:00","dateModified":"2022-11-21T16:06:45+00:00","breadcrumb":{"@id":"https:\/\/turisme.olocau.es\/ca\/que-fer\/entorn-natural\/paisatge-de-secans\/#breadcrumb"},"inLanguage":"val","potentialAction":[{"@type":"ReadAction","target":["https:\/\/turisme.olocau.es\/ca\/que-fer\/entorn-natural\/paisatge-de-secans\/"]}]},{"@type":"ImageObject","inLanguage":"val","@id":"https:\/\/turisme.olocau.es\/ca\/que-fer\/entorn-natural\/paisatge-de-secans\/#primaryimage","url":"https:\/\/turisme.olocau.es\/wp-content\/uploads\/2022\/06\/muestras.png","contentUrl":"https:\/\/turisme.olocau.es\/wp-content\/uploads\/2022\/06\/muestras.png"},{"@type":"BreadcrumbList","@id":"https:\/\/turisme.olocau.es\/ca\/que-fer\/entorn-natural\/paisatge-de-secans\/#breadcrumb","itemListElement":[{"@type":"ListItem","position":1,"name":"Portada","item":"https:\/\/turisme.olocau.es\/ca\/"},{"@type":"ListItem","position":2,"name":"Qu\u00e8 fer","item":"https:\/\/turisme.olocau.es\/ca\/que-fer\/"},{"@type":"ListItem","position":3,"name":"Entorn natural","item":"https:\/\/turisme.olocau.es\/ca\/que-fer\/entorn-natural\/"},{"@type":"ListItem","position":4,"name":"Paisatge de secans"}]},{"@type":"WebSite","@id":"https:\/\/turisme.olocau.es\/ca\/#website","url":"https:\/\/turisme.olocau.es\/ca\/","name":"Turismo Olocau","description":"Visita Olocau","publisher":{"@id":"https:\/\/turisme.olocau.es\/ca\/#organization"},"potentialAction":[{"@type":"SearchAction","target":{"@type":"EntryPoint","urlTemplate":"https:\/\/turisme.olocau.es\/ca\/?s={search_term_string}"},"query-input":{"@type":"PropertyValueSpecification","valueRequired":true,"valueName":"search_term_string"}}],"inLanguage":"val"},{"@type":"Organization","@id":"https:\/\/turisme.olocau.es\/ca\/#organization","name":"Turismo Olocau","url":"https:\/\/turisme.olocau.es\/ca\/","logo":{"@type":"ImageObject","inLanguage":"val","@id":"https:\/\/turisme.olocau.es\/ca\/#\/schema\/logo\/image\/","url":"https:\/\/turisme.olocau.es\/wp-content\/uploads\/2022\/07\/Logo-Olocau-turismo_color.png","contentUrl":"https:\/\/turisme.olocau.es\/wp-content\/uploads\/2022\/07\/Logo-Olocau-turismo_color.png","width":300,"height":123,"caption":"Turismo Olocau"},"image":{"@id":"https:\/\/turisme.olocau.es\/ca\/#\/schema\/logo\/image\/"},"sameAs":["https:\/\/www.facebook.com\/Turisme-Olocau-110345021644060","https:\/\/x.com\/turismeolocau","https:\/\/www.instagram.com\/turismeolocau\/"]}]}},"_edit_lock":"","_wpml_word_count":"","_wp_page_template":"default","_edit_last":"","_elementor_edit_mode":"builder","_elementor_template_type":"wp-page","_elementor_version":"3.8.0","_elementor_pro_version":"","_elementor_data":"[{\"id\":\"75332afe\",\"elType\":\"section\",\"settings\":{\"layout\":\"full_width\",\"margin\":{\"unit\":\"px\",\"top\":\"-100\",\"right\":0,\"bottom\":\"-201\",\"left\":0,\"isLinked\":false},\"padding\":{\"unit\":\"px\",\"top\":\"0\",\"right\":\"0\",\"bottom\":\"0\",\"left\":\"0\",\"isLinked\":true}},\"elements\":[{\"id\":\"7a33047c\",\"elType\":\"column\",\"settings\":{\"_column_size\":100,\"_inline_size\":null,\"margin\":{\"unit\":\"px\",\"top\":\"0\",\"right\":\"0\",\"bottom\":\"0\",\"left\":\"0\",\"isLinked\":true},\"padding\":{\"unit\":\"px\",\"top\":\"0\",\"right\":\"0\",\"bottom\":\"0\",\"left\":\"0\",\"isLinked\":true}},\"elements\":[{\"id\":\"4ae3ebc7\",\"elType\":\"widget\",\"settings\":{\"slides\":[{\"heading\":\"\",\"description\":\"\",\"button_text\":\"\",\"_id\":\"f782748\",\"background_image\":{\"url\":\"https:\\\/\\\/turisme.olocau.es\\\/wp-content\\\/uploads\\\/2022\\\/07\\\/IMG-20220327-WA0061.jpeg\",\"id\":704,\"alt\":\"\",\"source\":\"library\"},\"background_ken_burns\":\"yes\",\"custom_style\":\"yes\",\"horizontal_position\":\"center\",\"vertical_position\":\"top\",\"__globals__\":{\"background_color\":\"globals\\\/colors?id=primary\"},\"index\":0}],\"slides_height\":{\"unit\":\"px\",\"size\":499,\"sizes\":[]},\"_margin\":{\"unit\":\"px\",\"top\":\"0\",\"right\":\"0\",\"bottom\":\"0\",\"left\":\"0\",\"isLinked\":true},\"_padding\":{\"unit\":\"px\",\"top\":\"0\",\"right\":\"0\",\"bottom\":\"0\",\"left\":\"0\",\"isLinked\":true},\"navigation\":\"none\",\"pause_on_hover\":\"\",\"pause_on_interaction\":\"\",\"content_animation\":\"fadeInLeft\",\"content_max_width\":{\"unit\":\"%\",\"size\":100,\"sizes\":[]},\"slides_padding\":{\"unit\":\"px\",\"top\":\"0\",\"right\":\"0\",\"bottom\":\"0\",\"left\":\"0\",\"isLinked\":true},\"heading_spacing\":{\"unit\":\"px\",\"size\":0,\"sizes\":[]},\"heading_color\":\"#FFFFFF\",\"heading_typography_typography\":\"custom\",\"heading_typography_font_family\":\"Montserrat\",\"heading_typography_font_size\":{\"unit\":\"px\",\"size\":44,\"sizes\":[]},\"heading_typography_font_weight\":\"300\",\"description_typography_typography\":\"custom\",\"description_typography_font_family\":\"Montserrat\",\"description_typography_font_size\":{\"unit\":\"px\",\"size\":44,\"sizes\":[]},\"description_typography_font_weight\":\"300\",\"button_size\":\"xs\",\"button_typography_typography\":\"custom\",\"button_typography_font_family\":\"Montserrat\",\"button_typography_font_size\":{\"unit\":\"px\",\"size\":44,\"sizes\":[]},\"button_typography_font_weight\":\"300\",\"button_text_color\":\"#FFFFFF\",\"custom_css\":\".elementor-slide-heading::first-line {\\n    background-color: #C42A1E;\\n    padding:3px 10px;\\n    max-width:100%;\\n    margin: 0 auto;\\n}\\n.elementor-slide-description::first-line {\\n    background-color: #D67D1F;\\n    padding:0px 10px;\\n    margin:10px auto;\\n    max-width:100%;\\n}\\n.elementor-slide-description {\\n    margin:10px auto;\\n}\",\"__globals__\":{\"button_background_color\":\"globals\\\/colors?id=136950b4\",\"button_border_color\":\"globals\\\/colors?id=136950b4\"},\"infinite\":\"\",\"transition\":\"fade\"},\"elements\":[],\"widgetType\":\"slides\"}],\"isInner\":false}],\"isInner\":false},{\"id\":\"714cd165\",\"elType\":\"section\",\"settings\":{\"margin\":{\"unit\":\"px\",\"top\":\"0\",\"right\":0,\"bottom\":\"0\",\"left\":0,\"isLinked\":false},\"padding\":{\"unit\":\"px\",\"top\":\"0\",\"right\":\"0\",\"bottom\":\"0\",\"left\":\"0\",\"isLinked\":true},\"z_index\":2},\"elements\":[{\"id\":\"4facb4ff\",\"elType\":\"column\",\"settings\":{\"_column_size\":100,\"_inline_size\":null,\"margin\":{\"unit\":\"px\",\"top\":\"0\",\"right\":\"0\",\"bottom\":\"0\",\"left\":\"0\",\"isLinked\":true},\"padding\":{\"unit\":\"px\",\"top\":\"0\",\"right\":\"0\",\"bottom\":\"0\",\"left\":\"0\",\"isLinked\":true}},\"elements\":[{\"id\":\"24bc1cab\",\"elType\":\"widget\",\"settings\":{\"image\":{\"url\":\"https:\\\/\\\/turisme.olocau.es\\\/wp-content\\\/uploads\\\/2022\\\/06\\\/muestras.png\",\"id\":83,\"alt\":\"\",\"source\":\"library\"},\"align\":\"right\",\"_margin\":{\"unit\":\"px\",\"top\":\"-1\",\"right\":\"0\",\"bottom\":\"0\",\"left\":\"0\",\"isLinked\":false},\"_padding\":{\"unit\":\"px\",\"top\":\"0\",\"right\":\"0\",\"bottom\":\"0\",\"left\":\"0\",\"isLinked\":true}},\"elements\":[],\"widgetType\":\"image\"}],\"isInner\":false}],\"isInner\":false},{\"id\":\"6c4a1ed3\",\"elType\":\"section\",\"settings\":{\"margin\":{\"unit\":\"px\",\"top\":\"-100\",\"right\":0,\"bottom\":\"50\",\"left\":0,\"isLinked\":false}},\"elements\":[{\"id\":\"4810632a\",\"elType\":\"column\",\"settings\":{\"_column_size\":100,\"_inline_size\":null},\"elements\":[{\"id\":\"5a4b7c30\",\"elType\":\"widget\",\"settings\":{\"title\":\"Entorn Cultural\",\"align\":\"center\",\"__globals__\":{\"title_color\":\"globals\\\/colors?id=text\"}},\"elements\":[],\"widgetType\":\"heading\"}],\"isInner\":false}],\"isInner\":false},{\"id\":\"28f5923f\",\"elType\":\"section\",\"settings\":{\"content_width\":{\"unit\":\"px\",\"size\":1032,\"sizes\":[]},\"gap\":\"extended\",\"custom_height\":{\"unit\":\"px\",\"size\":267,\"sizes\":[]},\"structure\":\"20\",\"margin\":{\"unit\":\"px\",\"top\":\"-53\",\"right\":0,\"bottom\":\"0\",\"left\":0,\"isLinked\":false},\"padding\":{\"unit\":\"px\",\"top\":\"60\",\"right\":\"0\",\"bottom\":\"60\",\"left\":\"0\",\"isLinked\":false},\"background_background\":\"gradient\",\"background_gradient_angle\":{\"unit\":\"deg\",\"size\":130,\"sizes\":[]},\"__globals__\":{\"background_color\":\"globals\\\/colors?id=primary\",\"background_color_b\":\"globals\\\/colors?id=secondary\"},\"padding_mobile\":{\"unit\":\"px\",\"top\":\"60\",\"right\":\"20\",\"bottom\":\"60\",\"left\":\"20\",\"isLinked\":false}},\"elements\":[{\"id\":\"1b848f4d\",\"elType\":\"column\",\"settings\":{\"_column_size\":50,\"_inline_size\":null,\"margin\":{\"unit\":\"px\",\"top\":\"0\",\"right\":\"10\",\"bottom\":\"0\",\"left\":\"0\",\"isLinked\":false},\"padding\":{\"unit\":\"px\",\"top\":\"0\",\"right\":\"0\",\"bottom\":\"0\",\"left\":\"0\",\"isLinked\":true}},\"elements\":[{\"id\":\"41e3c54c\",\"elType\":\"widget\",\"settings\":{\"title\":\"Paisatge de secans\",\"typography_typography\":\"custom\",\"typography_font_family\":\"Montserrat\",\"typography_font_size\":{\"unit\":\"px\",\"size\":30,\"sizes\":[]},\"typography_font_weight\":\"600\",\"__globals__\":{\"title_color\":\"globals\\\/colors?id=accent\"}},\"elements\":[],\"widgetType\":\"heading\"},{\"id\":\"363ee62c\",\"elType\":\"widget\",\"settings\":{\"editor\":\"<p><span style=\\\"font-weight: 400;\\\">En el terme municipal d'Olocau, a m\\u00e9s de grans zones muntanyenques i cultius de regadiu, existeixen \\u00e0mplies extensions de cultius de sec\\u00e0 amb oliveres, garroferes i ametlers. El cultiu de les terres d'Olocau \\u00e9s molt antic, existeixen evid\\u00e8ncies d'origen rom\\u00e0 de l'explotaci\\u00f3 agr\\u00edcola com en la vila del <\\\/span><i><span style=\\\"font-weight: 400;\\\">Pitxir\\u00ed.<\\\/span><\\\/i><span style=\\\"font-weight: 400;\\\"> Aquest paisatge \\u00e9s per s\\u00ed un valor patrimonial!<\\\/span><\\\/p>\\n<p><span style=\\\"font-weight: 400;\\\">Existeixen dos ambients principals, la zona baixa i plana en les partides del<\\\/span> <i><span style=\\\"font-weight: 400;\\\">Pla de Sanxis<\\\/span><\\\/i><span style=\\\"font-weight: 400;\\\">, cultivades des de l'antiguitat, i les zones de muntanya abancalades a partir del s. XVIII \\u2013 XIX que van modelar els vessants amb camps m\\u00e9s redu\\u00efts i de dif\\u00edcil acc\\u00e9s. <br \\\/><\\\/span><\\\/p>\\n\",\"typography_typography\":\"custom\",\"typography_font_family\":\"Montserrat\",\"typography_font_size\":{\"unit\":\"px\",\"size\":16,\"sizes\":[]},\"typography_font_weight\":\"500\",\"__globals__\":{\"text_color\":\"globals\\\/colors?id=2e4e3250\"}},\"elements\":[],\"widgetType\":\"text-editor\"}],\"isInner\":false},{\"id\":\"5e345910\",\"elType\":\"column\",\"settings\":{\"_column_size\":50,\"_inline_size\":null,\"margin\":{\"unit\":\"px\",\"top\":\"0\",\"right\":\"10\",\"bottom\":\"0\",\"left\":\"10\",\"isLinked\":false},\"padding\":{\"unit\":\"px\",\"top\":\"0\",\"right\":\"0\",\"bottom\":\"0\",\"left\":\"0\",\"isLinked\":true}},\"elements\":[{\"id\":\"739b0d31\",\"elType\":\"widget\",\"settings\":{\"_margin\":{\"unit\":\"px\",\"top\":\"0\",\"right\":\"0\",\"bottom\":\"0\",\"left\":\"80\",\"isLinked\":false},\"image\":{\"url\":\"https:\\\/\\\/turisme.olocau.es\\\/wp-content\\\/uploads\\\/2022\\\/07\\\/JLBI2661-1.jpg\",\"id\":1025,\"alt\":\"\",\"source\":\"library\"},\"image_size\":\"2048x2048\",\"_margin_mobile\":{\"unit\":\"px\",\"top\":\"0\",\"right\":\"0\",\"bottom\":\"0\",\"left\":\"0\",\"isLinked\":true}},\"elements\":[],\"widgetType\":\"image\"}],\"isInner\":false}],\"isInner\":false},{\"id\":\"24556fa3\",\"elType\":\"section\",\"settings\":{\"content_width\":{\"unit\":\"px\",\"size\":1032,\"sizes\":[]},\"gap\":\"no\",\"margin\":{\"unit\":\"px\",\"top\":\"60\",\"right\":0,\"bottom\":\"60\",\"left\":0,\"isLinked\":true},\"padding_mobile\":{\"unit\":\"px\",\"top\":\"0\",\"right\":\"20\",\"bottom\":\"0\",\"left\":\"20\",\"isLinked\":false}},\"elements\":[{\"id\":\"56f1b1e\",\"elType\":\"column\",\"settings\":{\"_column_size\":100,\"_inline_size\":null},\"elements\":[{\"id\":\"7383ee8\",\"elType\":\"widget\",\"settings\":{\"editor\":\"<p><span style=\\\"font-weight: 400;\\\">En aquests ambients podem gaudir d'arquitectura rural com a forns de cal\\u00e7, corrals, murs de bancals, aljubs o<\\\/span> <i><span style=\\\"font-weight: 400;\\\">catxirulos,<\\\/span><\\\/i> <span style=\\\"font-weight: 400;\\\">nom que reben en la Serra *Calderona els refugis constru\\u00efts en pedra en sec per agricultors i pastors.<\\\/span> <\\\/p>\\n<\\\/p>\\n<p><span style=\\\"font-weight: 400;\\\">L'any 2018 la t\\u00e8cnica de pedra en sec va ser declarada per la Unesco Patrimoni Immaterial de la Humanitat. Olocau conserva multitud de construccions fetes amb aquesta t\\u00e8cnica, que demostren les grans habilitats constructives i d'aprofitament dels recursos dels agricultors i pastors de *olocauinos.  <\\\/span><\\\/p>\\n<\\\/p>\\n<p><span style=\\\"font-weight: 400;\\\">Una \\u00e8poca especial per a rec\\u00f3rrer-los \\u00e9s el final de l'hivern, coincidint amb la floraci\\u00f3 dels ametlers, quan gaudireu de coloracions espectaculars. En la vostra visita a Olocau no us perdeu aquest paisatge, podreu con\\u00e9ixer-lo amb la Ruta de Pedralvilla.  <\\\/span><\\\/p>\\n<p><br style=\\\"font-weight: 400;\\\"><br style=\\\"font-weight: 400;\\\"><\\\/p>\\n\"},\"elements\":[],\"widgetType\":\"text-editor\"}],\"isInner\":false}],\"isInner\":false},{\"id\":\"6d6212c\",\"elType\":\"section\",\"settings\":{\"content_width\":{\"unit\":\"px\",\"size\":1032,\"sizes\":[]},\"gap\":\"no\",\"margin\":{\"unit\":\"px\",\"top\":\"60\",\"right\":0,\"bottom\":\"60\",\"left\":0,\"isLinked\":true}},\"elements\":[{\"id\":\"e9cbd16\",\"elType\":\"column\",\"settings\":{\"_column_size\":100,\"_inline_size\":null},\"elements\":[{\"id\":\"f0ef237\",\"elType\":\"widget\",\"settings\":{\"gallery\":[{\"id\":1026,\"url\":\"https:\\\/\\\/turisme.olocau.es\\\/wp-content\\\/uploads\\\/2022\\\/07\\\/JLBI2563.jpg\"},{\"id\":1024,\"url\":\"https:\\\/\\\/turisme.olocau.es\\\/wp-content\\\/uploads\\\/2022\\\/07\\\/JLBI2678-1.jpg\"},{\"id\":1177,\"url\":\"https:\\\/\\\/turisme.olocau.es\\\/wp-content\\\/uploads\\\/2022\\\/07\\\/Macollades-OLOCAU-01-2.jpg\"},{\"id\":1178,\"url\":\"https:\\\/\\\/turisme.olocau.es\\\/wp-content\\\/uploads\\\/2022\\\/07\\\/Macollades-OLOCAU-02-2.jpg\"},{\"id\":1027,\"url\":\"https:\\\/\\\/turisme.olocau.es\\\/wp-content\\\/uploads\\\/2022\\\/07\\\/JLBI3521.jpg\"},{\"id\":440,\"url\":\"https:\\\/\\\/turisme.olocau.es\\\/wp-content\\\/uploads\\\/2022\\\/07\\\/garrofera-4.jpg\"}],\"galleries\":[{\"gallery_title\":\"Nova galeria\",\"_id\":\"17d8ac9\",\"index\":0}],\"show_all_galleries_label\":\"Tot\",\"order_by\":\"random\",\"thumbnail_image_size\":\"full\",\"columns\":3},\"elements\":[],\"widgetType\":\"gallery\"}],\"isInner\":false}],\"isInner\":false},{\"id\":\"1705801\",\"elType\":\"section\",\"settings\":{\"content_width\":{\"unit\":\"px\",\"size\":1032,\"sizes\":[]},\"gap\":\"no\",\"stretch_section\":\"section-stretched\",\"margin\":{\"unit\":\"px\",\"top\":\"0\",\"right\":0,\"bottom\":\"-7\",\"left\":0,\"isLinked\":false},\"padding_mobile\":{\"unit\":\"px\",\"top\":\"0\",\"right\":\"20\",\"bottom\":\"0\",\"left\":\"20\",\"isLinked\":false}},\"elements\":[{\"id\":\"53ffa8a\",\"elType\":\"column\",\"settings\":{\"_column_size\":100,\"_inline_size\":null,\"space_between_widgets\":0},\"elements\":[{\"id\":\"4fa3a8b\",\"elType\":\"widget\",\"settings\":{\"title\":\"Ruta de Pedralvilla\",\"align\":\"left\",\"typography_typography\":\"custom\",\"typography_font_family\":\"Montserrat\",\"typography_font_size\":{\"unit\":\"px\",\"size\":30,\"sizes\":[]},\"typography_font_weight\":\"600\",\"__globals__\":{\"title_color\":\"globals\\\/colors?id=text\"},\"_margin\":{\"unit\":\"px\",\"top\":\"0\",\"right\":\"0\",\"bottom\":\"0\",\"left\":\"0\",\"isLinked\":false}},\"elements\":[],\"widgetType\":\"heading\"},{\"id\":\"49e5514\",\"elType\":\"section\",\"settings\":{\"content_width\":{\"unit\":\"px\",\"size\":1112,\"sizes\":[]},\"structure\":\"20\"},\"elements\":[{\"id\":\"4bbf28a\",\"elType\":\"column\",\"settings\":{\"_column_size\":50,\"_inline_size\":43.12,\"margin\":{\"unit\":\"px\",\"top\":\"27\",\"right\":\"0\",\"bottom\":\"0\",\"left\":\"0\",\"isLinked\":false},\"padding\":{\"unit\":\"px\",\"top\":\"0\",\"right\":\"0\",\"bottom\":\"0\",\"left\":\"0\",\"isLinked\":true}},\"elements\":[{\"id\":\"e5917f7\",\"elType\":\"widget\",\"settings\":{\"editor\":\"<p>La ruta de Pedralvilla \\u00e9s una ruta circular de 12 km, de dificultat baixa i un desnivell de 100 metres, que permet arribar fins a la urbanitzaci\\u00f3 de Pedralvilla per l'antic cam\\u00ed d'acc\\u00e9s a Olocau des del sud.<\\\/p>\\n<p>Comen\\u00e7areu el recorregut a la <em>Casa de la Senyoria<\\\/em> i deix\\u00e0reu arrere el poble descendint cap al sud pel barranc del <em>Carraixet<\\\/em>. Durant el trajecte gaudireu gran varietat de paisatges, comen\\u00e7ant pel tram agrest del principi del *Barrranco del <em>Carraixet<\\\/em>, que despr\\u00e9s dona pas als vermellosos penya-segats tan espectaculars de la zona. En arribar a la partida del Campillo podreu gaudir de la flora mediterr\\u00e0nia i el paisatge de major producci\\u00f3 agr\\u00edcola d'Olocau.  <\\\/p>\\n<p>\\u00c9s recomanable realitzar la ruta al final de l'hivern, en l'\\u00e8poca de floraci\\u00f3 dels ametlers aquest paisatge \\u00e9s un espectacle per a la vista. A m\\u00e9s, molt prop de la ruta podreu descobrir un dels arbres monumentals d'Olocau, una garrofera amb un tronc de m\\u00e9s de 6 metres de di\\u00e0metre. <\\\/p>\\n\",\"typography_typography\":\"custom\",\"typography_font_family\":\"Montserrat\",\"typography_font_weight\":\"500\"},\"elements\":[],\"widgetType\":\"text-editor\"},{\"id\":\"087231e\",\"elType\":\"widget\",\"settings\":{\"text\":\"Veure ruta\",\"link\":{\"url\":\"https:\\\/\\\/gl.wikiloc.com\\\/rutas-sendeirismo\\\/ruta-de-la-pedralvilla-108580082#lb-embed\",\"is_external\":\"on\",\"nofollow\":\"\",\"custom_attributes\":\"\"},\"typography_typography\":\"custom\",\"typography_font_family\":\"Montserrat\",\"typography_font_size\":{\"unit\":\"px\",\"size\":13,\"sizes\":[]},\"typography_font_weight\":\"700\",\"typography_text_transform\":\"uppercase\",\"typography_letter_spacing\":{\"unit\":\"px\",\"size\":1.6,\"sizes\":[]},\"border_radius\":{\"unit\":\"px\",\"top\":\"25\",\"right\":\"25\",\"bottom\":\"25\",\"left\":\"25\",\"isLinked\":true},\"__globals__\":{\"background_color\":\"globals\\\/colors?id=secondary\"}},\"elements\":[],\"widgetType\":\"button\"}],\"isInner\":true},{\"id\":\"76689eb\",\"elType\":\"column\",\"settings\":{\"_column_size\":50,\"_inline_size\":56.88,\"margin\":{\"unit\":\"px\",\"top\":\"30\",\"right\":\"0\",\"bottom\":\"30\",\"left\":\"30\",\"isLinked\":false},\"padding\":{\"unit\":\"px\",\"top\":\"0\",\"right\":\"0\",\"bottom\":\"0\",\"left\":\"0\",\"isLinked\":true},\"margin_mobile\":{\"unit\":\"px\",\"top\":\"20\",\"right\":\"0\",\"bottom\":\"0\",\"left\":\"0\",\"isLinked\":false}},\"elements\":[{\"id\":\"65e3c63\",\"elType\":\"widget\",\"settings\":{\"html\":\"<iframe frameborder=\\\"0\\\" scrolling=\\\"no\\\" src=\\\"https:\\\/\\\/gl.wikiloc.com\\\/wikiloc\\\/spatialArtifacts.do?event=view&amp;id=108580082&amp;measures=on&amp;title=off&amp;near=off&amp;images=off&amp;maptype=H\\\" width=\\\"600\\\" height=\\\"700\\\"><\\\/iframe><div style=\\\"color:#777;font-size:11px;line-height:16px;\\\"><\\\/div>\",\"_margin\":{\"unit\":\"px\",\"top\":\"0\",\"right\":\"0\",\"bottom\":\"-18\",\"left\":\"0\",\"isLinked\":false},\"_padding\":{\"unit\":\"px\",\"top\":\"0\",\"right\":\"0\",\"bottom\":\"0\",\"left\":\"0\",\"isLinked\":false}},\"elements\":[],\"widgetType\":\"html\"}],\"isInner\":true}],\"isInner\":true},{\"id\":\"4d4a548\",\"elType\":\"widget\",\"settings\":{\"space\":{\"unit\":\"px\",\"size\":40,\"sizes\":[]}},\"elements\":[],\"widgetType\":\"spacer\"}],\"isInner\":false}],\"isInner\":false}]","_elementor_page_assets":{"styles":["e-animation-fadeInLeft","e-swiper","widget-slides","widget-image","widget-heading","widget-gallery","elementor-gallery","e-transitions","widget-spacer"],"scripts":["imagesloaded","elementor-frontend","elementor-gallery"]},"_yoast_wpseo_content_score":"","_yoast_wpseo_estimated-reading-time-minutes":"","_elementor_page_settings":{"hide_title":"yes"},"_elementor_controls_usage":"","_wpml_media_featured":"","_wpml_media_duplicate":"","_top_nav_excluded":"","_cms_nav_minihome":"","_elementor_template_widget_type":"","_last_translation_edit_mode":"translation-editor","_yoast_wpseo_focuskw":"","_yoast_wpseo_metadesc":"","_yoast_wpseo_linkdex":"","_yoast_wpseo_wordproof_timestamp":"","_thumbnail_id":"","_yoast_wpseo_opengraph-title":"","_yoast_wpseo_opengraph-description":"","_yoast_wpseo_opengraph-image":"","_yoast_wpseo_opengraph-image-id":"","_yoast_wpseo_twitter-title":"","_yoast_wpseo_twitter-description":"","_yoast_wpseo_twitter-image":"","_yoast_wpseo_twitter-image-id":"","_elementor_css":{"time":1777524102,"fonts":["Montserrat"],"icons":[""],"dynamic_elements_ids":[],"status":"file","0":""},"_cdp_origin":"","_cdp_origin_site":"","_cdp_origin_title":"","_cdp_counter":"","_oembed_1715d3fe5f1b4894d69c403ed95c6d1f":"","_oembed_7b3a3160db89c87d5fa3541f189de6fa":"","_wpml_post_translation_editor_native":"","_wp_trash_meta_status":"","_wp_trash_meta_time":"","_wp_desired_post_slug":"","_links":{"self":[{"href":"https:\/\/turisme.olocau.es\/ca\/wp-json\/wp\/v2\/pages\/3499","targetHints":{"allow":["GET"]}}],"collection":[{"href":"https:\/\/turisme.olocau.es\/ca\/wp-json\/wp\/v2\/pages"}],"about":[{"href":"https:\/\/turisme.olocau.es\/ca\/wp-json\/wp\/v2\/types\/page"}],"author":[{"embeddable":true,"href":"https:\/\/turisme.olocau.es\/ca\/wp-json\/wp\/v2\/users\/1"}],"replies":[{"embeddable":true,"href":"https:\/\/turisme.olocau.es\/ca\/wp-json\/wp\/v2\/comments?post=3499"}],"version-history":[{"count":3,"href":"https:\/\/turisme.olocau.es\/ca\/wp-json\/wp\/v2\/pages\/3499\/revisions"}],"predecessor-version":[{"id":3888,"href":"https:\/\/turisme.olocau.es\/ca\/wp-json\/wp\/v2\/pages\/3499\/revisions\/3888"}],"up":[{"embeddable":true,"href":"https:\/\/turisme.olocau.es\/ca\/wp-json\/wp\/v2\/pages\/3490"}],"wp:attachment":[{"href":"https:\/\/turisme.olocau.es\/ca\/wp-json\/wp\/v2\/media?parent=3499"}],"curies":[{"name":"wp","href":"https:\/\/api.w.org\/{rel}","templated":true}]}}