{"id":3492,"date":"2022-07-15T10:49:04","date_gmt":"2022-07-15T10:49:04","guid":{"rendered":"https:\/\/turisme.olocau.es\/que-fer\/entorn-natural\/arbres-monumentals\/"},"modified":"2022-11-24T11:14:29","modified_gmt":"2022-11-24T11:14:29","slug":"arbres-monumentals","status":"publish","type":"page","link":"https:\/\/turisme.olocau.es\/ca\/que-fer\/entorn-natural\/arbres-monumentals\/","title":{"rendered":"Arbres monumentals"},"content":{"rendered":"\t\t<div data-elementor-type=\"wp-page\" data-elementor-id=\"3492\" class=\"elementor elementor-3492 elementor-699\" data-elementor-post-type=\"page\">\n\t\t\t\t\t\t<section class=\"elementor-section elementor-top-section elementor-element elementor-element-64e22266 elementor-section-full_width elementor-section-height-default elementor-section-height-default\" data-id=\"64e22266\" data-element_type=\"section\" data-e-type=\"section\" id=\"arriba\">\n\t\t\t\t\t\t<div class=\"elementor-container elementor-column-gap-default\">\n\t\t\t\t\t<div class=\"elementor-column elementor-col-100 elementor-top-column elementor-element elementor-element-7f6776a3\" data-id=\"7f6776a3\" data-element_type=\"column\" data-e-type=\"column\">\n\t\t\t<div class=\"elementor-widget-wrap elementor-element-populated\">\n\t\t\t\t\t\t<div class=\"elementor-element elementor-element-7497d54b elementor--h-position-center elementor--v-position-middle elementor-widget elementor-widget-slides\" data-id=\"7497d54b\" data-element_type=\"widget\" data-e-type=\"widget\" data-settings=\"{&quot;navigation&quot;:&quot;none&quot;,&quot;transition&quot;:&quot;fade&quot;,&quot;autoplay&quot;:&quot;yes&quot;,&quot;autoplay_speed&quot;:5000,&quot;transition_speed&quot;:500}\" data-widget_type=\"slides.default\">\n\t\t\t\t<div class=\"elementor-widget-container\">\n\t\t\t\t\t\t\t\t\t<div class=\"elementor-swiper\">\n\t\t\t\t\t<div class=\"elementor-slides-wrapper elementor-main-swiper swiper\" role=\"region\" aria-roledescription=\"carousel\" aria-label=\"Slides\" dir=\"ltr\" data-animation=\"fadeInLeft\">\n\t\t\t\t<div class=\"swiper-wrapper elementor-slides\">\n\t\t\t\t\t\t\t\t\t\t<div class=\"elementor-repeater-item-f782748 swiper-slide\" role=\"group\" aria-roledescription=\"slide\"><div class=\"swiper-slide-bg elementor-ken-burns elementor-ken-burns--in\" role=\"img\"><\/div><div class=\"swiper-slide-inner\" ><div class=\"swiper-slide-contents\"><\/div><\/div><\/div>\t\t\t\t<\/div>\n\t\t\t\t\t\t\t<\/div>\n\t\t\t\t<\/div>\n\t\t\t\t\t\t\t\t<\/div>\n\t\t\t\t<\/div>\n\t\t\t\t\t<\/div>\n\t\t<\/div>\n\t\t\t\t\t<\/div>\n\t\t<\/section>\n\t\t\t\t<section class=\"elementor-section elementor-top-section elementor-element elementor-element-7c32e543 elementor-section-boxed elementor-section-height-default elementor-section-height-default\" data-id=\"7c32e543\" data-element_type=\"section\" data-e-type=\"section\">\n\t\t\t\t\t\t<div class=\"elementor-container elementor-column-gap-default\">\n\t\t\t\t\t<div class=\"elementor-column elementor-col-100 elementor-top-column elementor-element elementor-element-3287aa96\" data-id=\"3287aa96\" data-element_type=\"column\" data-e-type=\"column\">\n\t\t\t<div class=\"elementor-widget-wrap elementor-element-populated\">\n\t\t\t\t\t\t<div class=\"elementor-element elementor-element-30f61c41 elementor-widget elementor-widget-image\" data-id=\"30f61c41\" data-element_type=\"widget\" data-e-type=\"widget\" data-widget_type=\"image.default\">\n\t\t\t\t<div class=\"elementor-widget-container\">\n\t\t\t\t\t\t\t\t\t\t\t\t\t\t\t<img fetchpriority=\"high\" decoding=\"async\" width=\"202\" height=\"253\" src=\"https:\/\/turisme.olocau.es\/wp-content\/uploads\/2022\/06\/muestras.png\" class=\"attachment-large size-large wp-image-2634\" alt=\"\" \/>\t\t\t\t\t\t\t\t\t\t\t\t\t\t\t<\/div>\n\t\t\t\t<\/div>\n\t\t\t\t\t<\/div>\n\t\t<\/div>\n\t\t\t\t\t<\/div>\n\t\t<\/section>\n\t\t\t\t<section class=\"elementor-section elementor-top-section elementor-element elementor-element-389b4e37 elementor-section-boxed elementor-section-height-default elementor-section-height-default\" data-id=\"389b4e37\" data-element_type=\"section\" data-e-type=\"section\">\n\t\t\t\t\t\t<div class=\"elementor-container elementor-column-gap-default\">\n\t\t\t\t\t<div class=\"elementor-column elementor-col-100 elementor-top-column elementor-element elementor-element-19ee5aec\" data-id=\"19ee5aec\" data-element_type=\"column\" data-e-type=\"column\">\n\t\t\t<div class=\"elementor-widget-wrap elementor-element-populated\">\n\t\t\t\t\t\t<div class=\"elementor-element elementor-element-433985bb elementor-widget elementor-widget-heading\" data-id=\"433985bb\" data-element_type=\"widget\" data-e-type=\"widget\" data-widget_type=\"heading.default\">\n\t\t\t\t<div class=\"elementor-widget-container\">\n\t\t\t\t\t<h2 class=\"elementor-heading-title elementor-size-default\">Entorn Cultural<\/h2>\t\t\t\t<\/div>\n\t\t\t\t<\/div>\n\t\t\t\t\t<\/div>\n\t\t<\/div>\n\t\t\t\t\t<\/div>\n\t\t<\/section>\n\t\t\t\t<section class=\"elementor-section elementor-top-section elementor-element elementor-element-309b4553 elementor-section-boxed elementor-section-height-default elementor-section-height-default\" data-id=\"309b4553\" data-element_type=\"section\" data-e-type=\"section\" data-settings=\"{&quot;background_background&quot;:&quot;gradient&quot;}\">\n\t\t\t\t\t\t<div class=\"elementor-container elementor-column-gap-extended\">\n\t\t\t\t\t<div class=\"elementor-column elementor-col-50 elementor-top-column elementor-element elementor-element-522f5697\" data-id=\"522f5697\" data-element_type=\"column\" data-e-type=\"column\">\n\t\t\t<div class=\"elementor-widget-wrap elementor-element-populated\">\n\t\t\t\t\t\t<div class=\"elementor-element elementor-element-33b6c606 elementor-widget elementor-widget-heading\" data-id=\"33b6c606\" data-element_type=\"widget\" data-e-type=\"widget\" data-widget_type=\"heading.default\">\n\t\t\t\t<div class=\"elementor-widget-container\">\n\t\t\t\t\t<h2 class=\"elementor-heading-title elementor-size-default\">Arbres monumentals<\/h2>\t\t\t\t<\/div>\n\t\t\t\t<\/div>\n\t\t\t\t<div class=\"elementor-element elementor-element-3f6a1e83 elementor-widget elementor-widget-text-editor\" data-id=\"3f6a1e83\" data-element_type=\"widget\" data-e-type=\"widget\" data-widget_type=\"text-editor.default\">\n\t\t\t\t<div class=\"elementor-widget-container\">\n\t\t\t\t\t\t\t\t\t<p>A Olocau es coneixen com <em>macollades<\/em> al conjunt de garroferes centen\u00e0ries de troncs gruixuts i refor\u00e7ats. Existeixen quatre concentracions en les partides de l&#8217;<em>Edua<\/em>, l<em>&#8216;Amara<\/em>, la <em>Barranc\u00e0 <\/em>i l&#8217;<em>Aigualeig<\/em>. La ruta dels <em>Macollades<\/em> transita per totes elles i ens permet observar la seua diversitat de formes, colors, ombres i les diferents solucions en pedra que utilitzaven els agricultors per a apuntalar les seues pesades branques sense que es trencaren. <\/p>\n\t\t\t\t\t\t\t\t<\/div>\n\t\t\t\t<\/div>\n\t\t\t\t\t<\/div>\n\t\t<\/div>\n\t\t\t\t<div class=\"elementor-column elementor-col-50 elementor-top-column elementor-element elementor-element-653ae3c7\" data-id=\"653ae3c7\" data-element_type=\"column\" data-e-type=\"column\">\n\t\t\t<div class=\"elementor-widget-wrap elementor-element-populated\">\n\t\t\t\t\t\t<div class=\"elementor-element elementor-element-4af135e2 elementor-widget elementor-widget-image\" data-id=\"4af135e2\" data-element_type=\"widget\" data-e-type=\"widget\" data-widget_type=\"image.default\">\n\t\t\t\t<div class=\"elementor-widget-container\">\n\t\t\t\t\t\t\t\t\t\t\t\t\t\t\t<img decoding=\"async\" width=\"2048\" height=\"1366\" src=\"https:\/\/turisme.olocau.es\/wp-content\/uploads\/2022\/07\/JLBI3078-2048x1366.jpg\" class=\"attachment-2048x2048 size-2048x2048 wp-image-2694\" alt=\"\" srcset=\"https:\/\/turisme.olocau.es\/wp-content\/uploads\/2022\/07\/JLBI3078-2048x1366.jpg 2048w, https:\/\/turisme.olocau.es\/wp-content\/uploads\/2022\/07\/JLBI3078-300x200.jpg 300w, https:\/\/turisme.olocau.es\/wp-content\/uploads\/2022\/07\/JLBI3078-1024x683.jpg 1024w, https:\/\/turisme.olocau.es\/wp-content\/uploads\/2022\/07\/JLBI3078-768x512.jpg 768w, https:\/\/turisme.olocau.es\/wp-content\/uploads\/2022\/07\/JLBI3078-1536x1024.jpg 1536w\" sizes=\"(max-width: 2048px) 100vw, 2048px\" \/>\t\t\t\t\t\t\t\t\t\t\t\t\t\t\t<\/div>\n\t\t\t\t<\/div>\n\t\t\t\t\t<\/div>\n\t\t<\/div>\n\t\t\t\t\t<\/div>\n\t\t<\/section>\n\t\t\t\t<section class=\"elementor-section elementor-top-section elementor-element elementor-element-61496954 elementor-section-boxed elementor-section-height-default elementor-section-height-default\" data-id=\"61496954\" data-element_type=\"section\" data-e-type=\"section\">\n\t\t\t\t\t\t<div class=\"elementor-container elementor-column-gap-no\">\n\t\t\t\t\t<div class=\"elementor-column elementor-col-100 elementor-top-column elementor-element elementor-element-12cc6764\" data-id=\"12cc6764\" data-element_type=\"column\" data-e-type=\"column\">\n\t\t\t<div class=\"elementor-widget-wrap elementor-element-populated\">\n\t\t\t\t\t\t<div class=\"elementor-element elementor-element-32d026f2 elementor-widget elementor-widget-gallery\" data-id=\"32d026f2\" data-element_type=\"widget\" data-e-type=\"widget\" data-settings=\"{&quot;lazyload&quot;:&quot;yes&quot;,&quot;gallery_layout&quot;:&quot;grid&quot;,&quot;columns&quot;:4,&quot;columns_tablet&quot;:2,&quot;columns_mobile&quot;:1,&quot;gap&quot;:{&quot;unit&quot;:&quot;px&quot;,&quot;size&quot;:10,&quot;sizes&quot;:[]},&quot;gap_tablet&quot;:{&quot;unit&quot;:&quot;px&quot;,&quot;size&quot;:10,&quot;sizes&quot;:[]},&quot;gap_mobile&quot;:{&quot;unit&quot;:&quot;px&quot;,&quot;size&quot;:10,&quot;sizes&quot;:[]},&quot;link_to&quot;:&quot;file&quot;,&quot;aspect_ratio&quot;:&quot;3:2&quot;,&quot;overlay_background&quot;:&quot;yes&quot;,&quot;content_hover_animation&quot;:&quot;fade-in&quot;}\" data-widget_type=\"gallery.default\">\n\t\t\t\t<div class=\"elementor-widget-container\">\n\t\t\t\t\t\t\t<div class=\"elementor-gallery__container\">\n\t\t\t\t\t\t\t<a class=\"e-gallery-item elementor-gallery-item elementor-animated-content\" href=\"https:\/\/turisme.olocau.es\/wp-content\/uploads\/2022\/07\/IMG-20220327-WA0059.jpeg\" data-elementor-open-lightbox=\"yes\" data-elementor-lightbox-slideshow=\"32d026f2\" data-elementor-lightbox-title=\"Macollades\" data-e-action-hash=\"#elementor-action%3Aaction%3Dlightbox%26settings%3DeyJpZCI6NzAxLCJ1cmwiOiJodHRwczpcL1wvdHVyaXNtZS5vbG9jYXUuZXNcL3dwLWNvbnRlbnRcL3VwbG9hZHNcLzIwMjJcLzA3XC9JTUctMjAyMjAzMjctV0EwMDU5LmpwZWciLCJzbGlkZXNob3ciOiIzMmQwMjZmMiJ9\">\n\t\t\t\t\t<div class=\"e-gallery-image elementor-gallery-item__image\" data-thumbnail=\"https:\/\/turisme.olocau.es\/wp-content\/uploads\/2022\/07\/IMG-20220327-WA0059-300x225.jpeg\" data-width=\"300\" data-height=\"225\" aria-label=\"\" role=\"img\" ><\/div>\n\t\t\t\t\t\t\t\t\t\t\t<div class=\"elementor-gallery-item__overlay\"><\/div>\n\t\t\t\t\t\t\t\t\t\t\t\t\t\t<\/a>\n\t\t\t\t\t\t\t<a class=\"e-gallery-item elementor-gallery-item elementor-animated-content\" href=\"https:\/\/turisme.olocau.es\/wp-content\/uploads\/2022\/07\/IMG-20220327-WA0073.jpeg\" data-elementor-open-lightbox=\"yes\" data-elementor-lightbox-slideshow=\"32d026f2\" data-elementor-lightbox-title=\"Macollades\" data-e-action-hash=\"#elementor-action%3Aaction%3Dlightbox%26settings%3DeyJpZCI6NzAzLCJ1cmwiOiJodHRwczpcL1wvdHVyaXNtZS5vbG9jYXUuZXNcL3dwLWNvbnRlbnRcL3VwbG9hZHNcLzIwMjJcLzA3XC9JTUctMjAyMjAzMjctV0EwMDczLmpwZWciLCJzbGlkZXNob3ciOiIzMmQwMjZmMiJ9\">\n\t\t\t\t\t<div class=\"e-gallery-image elementor-gallery-item__image\" data-thumbnail=\"https:\/\/turisme.olocau.es\/wp-content\/uploads\/2022\/07\/IMG-20220327-WA0073-300x248.jpeg\" data-width=\"300\" data-height=\"248\" aria-label=\"\" role=\"img\" ><\/div>\n\t\t\t\t\t\t\t\t\t\t\t<div class=\"elementor-gallery-item__overlay\"><\/div>\n\t\t\t\t\t\t\t\t\t\t\t\t\t\t<\/a>\n\t\t\t\t\t\t\t<a class=\"e-gallery-item elementor-gallery-item elementor-animated-content\" href=\"https:\/\/turisme.olocau.es\/wp-content\/uploads\/2022\/07\/IMG-20220327-WA0061.jpeg\" data-elementor-open-lightbox=\"yes\" data-elementor-lightbox-slideshow=\"32d026f2\" data-elementor-lightbox-title=\"Macollades\" data-e-action-hash=\"#elementor-action%3Aaction%3Dlightbox%26settings%3DeyJpZCI6NzA0LCJ1cmwiOiJodHRwczpcL1wvdHVyaXNtZS5vbG9jYXUuZXNcL3dwLWNvbnRlbnRcL3VwbG9hZHNcLzIwMjJcLzA3XC9JTUctMjAyMjAzMjctV0EwMDYxLmpwZWciLCJzbGlkZXNob3ciOiIzMmQwMjZmMiJ9\">\n\t\t\t\t\t<div class=\"e-gallery-image elementor-gallery-item__image\" data-thumbnail=\"https:\/\/turisme.olocau.es\/wp-content\/uploads\/2022\/07\/IMG-20220327-WA0061-300x225.jpeg\" data-width=\"300\" data-height=\"225\" aria-label=\"\" role=\"img\" ><\/div>\n\t\t\t\t\t\t\t\t\t\t\t<div class=\"elementor-gallery-item__overlay\"><\/div>\n\t\t\t\t\t\t\t\t\t\t\t\t\t\t<\/a>\n\t\t\t\t\t\t\t<a class=\"e-gallery-item elementor-gallery-item elementor-animated-content\" href=\"https:\/\/turisme.olocau.es\/wp-content\/uploads\/2022\/07\/Isa_Acequia-scaled.jpeg\" data-elementor-open-lightbox=\"yes\" data-elementor-lightbox-slideshow=\"32d026f2\" data-elementor-lightbox-title=\"Macollades\" data-e-action-hash=\"#elementor-action%3Aaction%3Dlightbox%26settings%3DeyJpZCI6NzAyLCJ1cmwiOiJodHRwczpcL1wvdHVyaXNtZS5vbG9jYXUuZXNcL3dwLWNvbnRlbnRcL3VwbG9hZHNcLzIwMjJcLzA3XC9Jc2FfQWNlcXVpYS1zY2FsZWQuanBlZyIsInNsaWRlc2hvdyI6IjMyZDAyNmYyIn0%3D\">\n\t\t\t\t\t<div class=\"e-gallery-image elementor-gallery-item__image\" data-thumbnail=\"https:\/\/turisme.olocau.es\/wp-content\/uploads\/2022\/07\/Isa_Acequia-225x300.jpeg\" data-width=\"225\" data-height=\"300\" aria-label=\"\" role=\"img\" ><\/div>\n\t\t\t\t\t\t\t\t\t\t\t<div class=\"elementor-gallery-item__overlay\"><\/div>\n\t\t\t\t\t\t\t\t\t\t\t\t\t\t<\/a>\n\t\t\t\t\t<\/div>\n\t\t\t\t\t<\/div>\n\t\t\t\t<\/div>\n\t\t\t\t\t<\/div>\n\t\t<\/div>\n\t\t\t\t\t<\/div>\n\t\t<\/section>\n\t\t\t\t<section class=\"elementor-section elementor-top-section elementor-element elementor-element-e776400 elementor-section-stretched elementor-section-boxed elementor-section-height-default elementor-section-height-default\" data-id=\"e776400\" data-element_type=\"section\" data-e-type=\"section\" data-settings=\"{&quot;stretch_section&quot;:&quot;section-stretched&quot;}\">\n\t\t\t\t\t\t<div class=\"elementor-container elementor-column-gap-no\">\n\t\t\t\t\t<div class=\"elementor-column elementor-col-100 elementor-top-column elementor-element elementor-element-101a36e\" data-id=\"101a36e\" data-element_type=\"column\" data-e-type=\"column\">\n\t\t\t<div class=\"elementor-widget-wrap elementor-element-populated\">\n\t\t\t\t\t\t<div class=\"elementor-element elementor-element-24e4a74 elementor-widget elementor-widget-heading\" data-id=\"24e4a74\" data-element_type=\"widget\" data-e-type=\"widget\" data-widget_type=\"heading.default\">\n\t\t\t\t<div class=\"elementor-widget-container\">\n\t\t\t\t\t<h2 class=\"elementor-heading-title elementor-size-default\">Ruta Macollades\u200b <\/h2>\t\t\t\t<\/div>\n\t\t\t\t<\/div>\n\t\t\t\t<section class=\"elementor-section elementor-inner-section elementor-element elementor-element-a648bb6 elementor-section-boxed elementor-section-height-default elementor-section-height-default\" data-id=\"a648bb6\" data-element_type=\"section\" data-e-type=\"section\">\n\t\t\t\t\t\t<div class=\"elementor-container elementor-column-gap-default\">\n\t\t\t\t\t<div class=\"elementor-column elementor-col-50 elementor-inner-column elementor-element elementor-element-7ea8558\" data-id=\"7ea8558\" data-element_type=\"column\" data-e-type=\"column\">\n\t\t\t<div class=\"elementor-widget-wrap elementor-element-populated\">\n\t\t\t\t\t\t<div class=\"elementor-element elementor-element-a360b11 elementor-widget elementor-widget-text-editor\" data-id=\"a360b11\" data-element_type=\"widget\" data-e-type=\"widget\" data-widget_type=\"text-editor.default\">\n\t\t\t\t<div class=\"elementor-widget-container\">\n\t\t\t\t\t\t\t\t\t<p class=\"f-source-sans-pro normal-text font-weight-bold mb-4\">Descobreix l&#8217;arbreda de macollades m\u00e9s gran d&#8217;Europa, els regadius d&#8217;Olocau i el barranc de Carraixet.<\/p>\n<div class=\"description-resource-detail f-source-sans-pro mb-4 normal-text title-color\">\n<p>\u00c9s una ruta circular de dificultat moderada-alta, de 5,60 km i 40 metres de desnivell. Comen\u00e7a a la <em>Casa de la Senyoria<\/em> i despr\u00e9s de travessar el nucli urb\u00e0 i creuar el barranc del *Carraixet, arriba a <em>l&#8217;Horta de Dalt,<\/em> zona de regadiu d&#8217;Olocau on descobrirem les <em>macollades<\/em> de la partida de l\u2019<em>Edua.<\/em> Al llarg del cam\u00ed es poden veure diferents elements etnol\u00f2gics que, juntament amb <em>les macollades<\/em>, ens ajudaran a entendre el passat agr\u00edcola d&#8217;Olocau. A eixir de la zona de cultiu s&#8217;arriba a la bassa de l\u2019<em>Amara<\/em><em>,<\/em> antic safareig d&#8217;Olocau i actual bassa de reg de la zona agr\u00edcola.<\/p>\n<p>El seg\u00fcent tram segueix la boga del barranc del <em>Carraixet<\/em> fins a les <em>macollades<\/em> de la <em>Barranc\u00e0<\/em> i de l\u2019<em>Aigualeig<\/em>. En aquest tram transita al costat de la s\u00e9quia, amb el so d&#8217;acompanyament de l&#8217;aigua i el cant dels ocells de fons. Entre ambdues es troba la <em>S\u00e9nia dels Simeons<\/em><em>,<\/em> una s\u00e9quia moguda per mules que es va utilitzar per a elevar l&#8217;aigua i regar els bancals pr\u00f2xims fins a final del segle XIX.<\/p>\n<p>La ruta cont\u00ednua amb un tram del barranc del <em>Carraixet<\/em> on \u00e9s necessari secundar-se en cordes inserides en la calc\u00e0ria que serveixen d&#8217;agarre. A la volta al poble el trajecte comparteix un tram amb l&#8217;antic cam\u00ed medieval a Marines i finalitza de nou a Olocau. <\/p>\n<\/div>\n\t\t\t\t\t\t\t\t<\/div>\n\t\t\t\t<\/div>\n\t\t\t\t<div class=\"elementor-element elementor-element-e304ee4 elementor-widget elementor-widget-button\" data-id=\"e304ee4\" data-element_type=\"widget\" data-e-type=\"widget\" data-widget_type=\"button.default\">\n\t\t\t\t<div class=\"elementor-widget-container\">\n\t\t\t\t\t\t\t\t\t<div class=\"elementor-button-wrapper\">\n\t\t\t\t\t<a class=\"elementor-button elementor-button-link elementor-size-sm\" href=\"https:\/\/gl.wikiloc.com\/rutas-sendeirismo\/ruta-de-les-macollades-108517386\" target=\"_blank\">\n\t\t\t\t\t\t<span class=\"elementor-button-content-wrapper\">\n\t\t\t\t\t\t\t\t\t<span class=\"elementor-button-text\">Veure ruta<\/span>\n\t\t\t\t\t<\/span>\n\t\t\t\t\t<\/a>\n\t\t\t\t<\/div>\n\t\t\t\t\t\t\t\t<\/div>\n\t\t\t\t<\/div>\n\t\t\t\t\t<\/div>\n\t\t<\/div>\n\t\t\t\t<div class=\"elementor-column elementor-col-50 elementor-inner-column elementor-element elementor-element-e1baa43\" data-id=\"e1baa43\" data-element_type=\"column\" data-e-type=\"column\">\n\t\t\t<div class=\"elementor-widget-wrap elementor-element-populated\">\n\t\t\t\t\t\t<div class=\"elementor-element elementor-element-1f06e30 elementor-widget elementor-widget-html\" data-id=\"1f06e30\" data-element_type=\"widget\" data-e-type=\"widget\" data-widget_type=\"html.default\">\n\t\t\t\t<div class=\"elementor-widget-container\">\n\t\t\t\t\t<iframe frameborder=\"0\" scrolling=\"no\" src=\"https:\/\/gl.wikiloc.com\/wikiloc\/spatialArtifacts.do?event=view&amp;id=108517386&amp;measures=on&amp;title=off&amp;near=off&amp;images=off&amp;maptype=H\" width=\"600\" height=\"700\"><\/iframe><div style=\"color:#777;font-size:11px;line-height:16px;\"><\/div>\t\t\t\t<\/div>\n\t\t\t\t<\/div>\n\t\t\t\t\t<\/div>\n\t\t<\/div>\n\t\t\t\t\t<\/div>\n\t\t<\/section>\n\t\t\t\t<div class=\"elementor-element elementor-element-bc035da elementor-widget elementor-widget-spacer\" data-id=\"bc035da\" data-element_type=\"widget\" data-e-type=\"widget\" data-widget_type=\"spacer.default\">\n\t\t\t\t<div class=\"elementor-widget-container\">\n\t\t\t\t\t\t\t<div class=\"elementor-spacer\">\n\t\t\t<div class=\"elementor-spacer-inner\"><\/div>\n\t\t<\/div>\n\t\t\t\t\t\t<\/div>\n\t\t\t\t<\/div>\n\t\t\t\t\t<\/div>\n\t\t<\/div>\n\t\t\t\t\t<\/div>\n\t\t<\/section>\n\t\t\t\t<\/div>\n\t\t","protected":false},"excerpt":{"rendered":"<p>Entorn Cultural Arbres monumentals A Olocau es coneixen com macollades al conjunt de garroferes centen\u00e0ries de troncs gruixuts i refor\u00e7ats. Existeixen quatre concentracions en les partides de l&#8217;Edua, l&#8216;Amara, la Barranc\u00e0 i l&#8217;Aigualeig. La ruta dels Macollades transita per totes elles i ens permet observar la seua diversitat de formes, colors, ombres i les diferents [&hellip;]<\/p>\n","protected":false},"author":1,"featured_media":0,"parent":3490,"menu_order":0,"comment_status":"closed","ping_status":"closed","template":"","meta":{"om_disable_all_campaigns":false,"_monsterinsights_skip_tracking":false,"_monsterinsights_sitenote_active":false,"_monsterinsights_sitenote_note":"","_monsterinsights_sitenote_category":0,"_uf_show_specific_survey":0,"_uf_disable_surveys":false,"footnotes":""},"class_list":["post-3492","page","type-page","status-publish","hentry"],"yoast_head":"<!-- This site is optimized with the Yoast SEO plugin v27.4 - https:\/\/yoast.com\/product\/yoast-seo-wordpress\/ -->\n<title>Arbres monumentals - Turismo Olocau<\/title>\n<meta name=\"robots\" content=\"index, follow, max-snippet:-1, max-image-preview:large, max-video-preview:-1\" \/>\n<link rel=\"canonical\" href=\"https:\/\/turisme.olocau.es\/ca\/que-fer\/entorn-natural\/arbres-monumentals\/\" \/>\n<meta property=\"og:locale\" content=\"en_US\" \/>\n<meta property=\"og:type\" content=\"article\" \/>\n<meta property=\"og:title\" content=\"Arbres monumentals - Turismo Olocau\" \/>\n<meta property=\"og:description\" content=\"Entorn Cultural Arbres monumentals A Olocau es coneixen com macollades al conjunt de garroferes centen\u00e0ries de troncs gruixuts i refor\u00e7ats. Existeixen quatre concentracions en les partides de l&#8217;Edua, l&#8216;Amara, la Barranc\u00e0 i l&#8217;Aigualeig. La ruta dels Macollades transita per totes elles i ens permet observar la seua diversitat de formes, colors, ombres i les diferents [&hellip;]\" \/>\n<meta property=\"og:url\" content=\"https:\/\/turisme.olocau.es\/ca\/que-fer\/entorn-natural\/arbres-monumentals\/\" \/>\n<meta property=\"og:site_name\" content=\"Turismo Olocau\" \/>\n<meta property=\"article:publisher\" content=\"https:\/\/www.facebook.com\/Turisme-Olocau-110345021644060\" \/>\n<meta property=\"article:modified_time\" content=\"2022-11-24T11:14:29+00:00\" \/>\n<meta property=\"og:image\" content=\"https:\/\/turisme.olocau.es\/wp-content\/uploads\/2022\/06\/muestras.png\" \/>\n<meta name=\"twitter:card\" content=\"summary_large_image\" \/>\n<meta name=\"twitter:site\" content=\"@turismeolocau\" \/>\n<meta name=\"twitter:label1\" content=\"Est. reading time\" \/>\n\t<meta name=\"twitter:data1\" content=\"2 minutes\" \/>\n<script type=\"application\/ld+json\" class=\"yoast-schema-graph\">{\"@context\":\"https:\\\/\\\/schema.org\",\"@graph\":[{\"@type\":\"WebPage\",\"@id\":\"https:\\\/\\\/turisme.olocau.es\\\/ca\\\/que-fer\\\/entorn-natural\\\/arbres-monumentals\\\/\",\"url\":\"https:\\\/\\\/turisme.olocau.es\\\/ca\\\/que-fer\\\/entorn-natural\\\/arbres-monumentals\\\/\",\"name\":\"Arbres monumentals - Turismo Olocau\",\"isPartOf\":{\"@id\":\"https:\\\/\\\/turisme.olocau.es\\\/ca\\\/#website\"},\"primaryImageOfPage\":{\"@id\":\"https:\\\/\\\/turisme.olocau.es\\\/ca\\\/que-fer\\\/entorn-natural\\\/arbres-monumentals\\\/#primaryimage\"},\"image\":{\"@id\":\"https:\\\/\\\/turisme.olocau.es\\\/ca\\\/que-fer\\\/entorn-natural\\\/arbres-monumentals\\\/#primaryimage\"},\"thumbnailUrl\":\"https:\\\/\\\/turisme.olocau.es\\\/wp-content\\\/uploads\\\/2022\\\/06\\\/muestras.png\",\"datePublished\":\"2022-07-15T10:49:04+00:00\",\"dateModified\":\"2022-11-24T11:14:29+00:00\",\"breadcrumb\":{\"@id\":\"https:\\\/\\\/turisme.olocau.es\\\/ca\\\/que-fer\\\/entorn-natural\\\/arbres-monumentals\\\/#breadcrumb\"},\"inLanguage\":\"val\",\"potentialAction\":[{\"@type\":\"ReadAction\",\"target\":[\"https:\\\/\\\/turisme.olocau.es\\\/ca\\\/que-fer\\\/entorn-natural\\\/arbres-monumentals\\\/\"]}]},{\"@type\":\"ImageObject\",\"inLanguage\":\"val\",\"@id\":\"https:\\\/\\\/turisme.olocau.es\\\/ca\\\/que-fer\\\/entorn-natural\\\/arbres-monumentals\\\/#primaryimage\",\"url\":\"https:\\\/\\\/turisme.olocau.es\\\/wp-content\\\/uploads\\\/2022\\\/06\\\/muestras.png\",\"contentUrl\":\"https:\\\/\\\/turisme.olocau.es\\\/wp-content\\\/uploads\\\/2022\\\/06\\\/muestras.png\"},{\"@type\":\"BreadcrumbList\",\"@id\":\"https:\\\/\\\/turisme.olocau.es\\\/ca\\\/que-fer\\\/entorn-natural\\\/arbres-monumentals\\\/#breadcrumb\",\"itemListElement\":[{\"@type\":\"ListItem\",\"position\":1,\"name\":\"Portada\",\"item\":\"https:\\\/\\\/turisme.olocau.es\\\/ca\\\/\"},{\"@type\":\"ListItem\",\"position\":2,\"name\":\"Qu\u00e8 fer\",\"item\":\"https:\\\/\\\/turisme.olocau.es\\\/ca\\\/que-fer\\\/\"},{\"@type\":\"ListItem\",\"position\":3,\"name\":\"Entorn natural\",\"item\":\"https:\\\/\\\/turisme.olocau.es\\\/ca\\\/que-fer\\\/entorn-natural\\\/\"},{\"@type\":\"ListItem\",\"position\":4,\"name\":\"Arbres monumentals\"}]},{\"@type\":\"WebSite\",\"@id\":\"https:\\\/\\\/turisme.olocau.es\\\/ca\\\/#website\",\"url\":\"https:\\\/\\\/turisme.olocau.es\\\/ca\\\/\",\"name\":\"Turismo Olocau\",\"description\":\"Visita Olocau\",\"publisher\":{\"@id\":\"https:\\\/\\\/turisme.olocau.es\\\/ca\\\/#organization\"},\"potentialAction\":[{\"@type\":\"SearchAction\",\"target\":{\"@type\":\"EntryPoint\",\"urlTemplate\":\"https:\\\/\\\/turisme.olocau.es\\\/ca\\\/?s={search_term_string}\"},\"query-input\":{\"@type\":\"PropertyValueSpecification\",\"valueRequired\":true,\"valueName\":\"search_term_string\"}}],\"inLanguage\":\"val\"},{\"@type\":\"Organization\",\"@id\":\"https:\\\/\\\/turisme.olocau.es\\\/ca\\\/#organization\",\"name\":\"Turismo Olocau\",\"url\":\"https:\\\/\\\/turisme.olocau.es\\\/ca\\\/\",\"logo\":{\"@type\":\"ImageObject\",\"inLanguage\":\"val\",\"@id\":\"https:\\\/\\\/turisme.olocau.es\\\/ca\\\/#\\\/schema\\\/logo\\\/image\\\/\",\"url\":\"https:\\\/\\\/turisme.olocau.es\\\/wp-content\\\/uploads\\\/2022\\\/07\\\/Logo-Olocau-turismo_color.png\",\"contentUrl\":\"https:\\\/\\\/turisme.olocau.es\\\/wp-content\\\/uploads\\\/2022\\\/07\\\/Logo-Olocau-turismo_color.png\",\"width\":300,\"height\":123,\"caption\":\"Turismo Olocau\"},\"image\":{\"@id\":\"https:\\\/\\\/turisme.olocau.es\\\/ca\\\/#\\\/schema\\\/logo\\\/image\\\/\"},\"sameAs\":[\"https:\\\/\\\/www.facebook.com\\\/Turisme-Olocau-110345021644060\",\"https:\\\/\\\/x.com\\\/turismeolocau\",\"https:\\\/\\\/www.instagram.com\\\/turismeolocau\\\/\"]}]}<\/script>\n<!-- \/ Yoast SEO plugin. -->","yoast_head_json":{"title":"Arbres monumentals - Turismo Olocau","robots":{"index":"index","follow":"follow","max-snippet":"max-snippet:-1","max-image-preview":"max-image-preview:large","max-video-preview":"max-video-preview:-1"},"canonical":"https:\/\/turisme.olocau.es\/ca\/que-fer\/entorn-natural\/arbres-monumentals\/","og_locale":"en_US","og_type":"article","og_title":"Arbres monumentals - Turismo Olocau","og_description":"Entorn Cultural Arbres monumentals A Olocau es coneixen com macollades al conjunt de garroferes centen\u00e0ries de troncs gruixuts i refor\u00e7ats. Existeixen quatre concentracions en les partides de l&#8217;Edua, l&#8216;Amara, la Barranc\u00e0 i l&#8217;Aigualeig. La ruta dels Macollades transita per totes elles i ens permet observar la seua diversitat de formes, colors, ombres i les diferents [&hellip;]","og_url":"https:\/\/turisme.olocau.es\/ca\/que-fer\/entorn-natural\/arbres-monumentals\/","og_site_name":"Turismo Olocau","article_publisher":"https:\/\/www.facebook.com\/Turisme-Olocau-110345021644060","article_modified_time":"2022-11-24T11:14:29+00:00","og_image":[{"url":"https:\/\/turisme.olocau.es\/wp-content\/uploads\/2022\/06\/muestras.png","type":"","width":"","height":""}],"twitter_card":"summary_large_image","twitter_site":"@turismeolocau","twitter_misc":{"Est. reading time":"2 minutes"},"schema":{"@context":"https:\/\/schema.org","@graph":[{"@type":"WebPage","@id":"https:\/\/turisme.olocau.es\/ca\/que-fer\/entorn-natural\/arbres-monumentals\/","url":"https:\/\/turisme.olocau.es\/ca\/que-fer\/entorn-natural\/arbres-monumentals\/","name":"Arbres monumentals - Turismo Olocau","isPartOf":{"@id":"https:\/\/turisme.olocau.es\/ca\/#website"},"primaryImageOfPage":{"@id":"https:\/\/turisme.olocau.es\/ca\/que-fer\/entorn-natural\/arbres-monumentals\/#primaryimage"},"image":{"@id":"https:\/\/turisme.olocau.es\/ca\/que-fer\/entorn-natural\/arbres-monumentals\/#primaryimage"},"thumbnailUrl":"https:\/\/turisme.olocau.es\/wp-content\/uploads\/2022\/06\/muestras.png","datePublished":"2022-07-15T10:49:04+00:00","dateModified":"2022-11-24T11:14:29+00:00","breadcrumb":{"@id":"https:\/\/turisme.olocau.es\/ca\/que-fer\/entorn-natural\/arbres-monumentals\/#breadcrumb"},"inLanguage":"val","potentialAction":[{"@type":"ReadAction","target":["https:\/\/turisme.olocau.es\/ca\/que-fer\/entorn-natural\/arbres-monumentals\/"]}]},{"@type":"ImageObject","inLanguage":"val","@id":"https:\/\/turisme.olocau.es\/ca\/que-fer\/entorn-natural\/arbres-monumentals\/#primaryimage","url":"https:\/\/turisme.olocau.es\/wp-content\/uploads\/2022\/06\/muestras.png","contentUrl":"https:\/\/turisme.olocau.es\/wp-content\/uploads\/2022\/06\/muestras.png"},{"@type":"BreadcrumbList","@id":"https:\/\/turisme.olocau.es\/ca\/que-fer\/entorn-natural\/arbres-monumentals\/#breadcrumb","itemListElement":[{"@type":"ListItem","position":1,"name":"Portada","item":"https:\/\/turisme.olocau.es\/ca\/"},{"@type":"ListItem","position":2,"name":"Qu\u00e8 fer","item":"https:\/\/turisme.olocau.es\/ca\/que-fer\/"},{"@type":"ListItem","position":3,"name":"Entorn natural","item":"https:\/\/turisme.olocau.es\/ca\/que-fer\/entorn-natural\/"},{"@type":"ListItem","position":4,"name":"Arbres monumentals"}]},{"@type":"WebSite","@id":"https:\/\/turisme.olocau.es\/ca\/#website","url":"https:\/\/turisme.olocau.es\/ca\/","name":"Turismo Olocau","description":"Visita Olocau","publisher":{"@id":"https:\/\/turisme.olocau.es\/ca\/#organization"},"potentialAction":[{"@type":"SearchAction","target":{"@type":"EntryPoint","urlTemplate":"https:\/\/turisme.olocau.es\/ca\/?s={search_term_string}"},"query-input":{"@type":"PropertyValueSpecification","valueRequired":true,"valueName":"search_term_string"}}],"inLanguage":"val"},{"@type":"Organization","@id":"https:\/\/turisme.olocau.es\/ca\/#organization","name":"Turismo Olocau","url":"https:\/\/turisme.olocau.es\/ca\/","logo":{"@type":"ImageObject","inLanguage":"val","@id":"https:\/\/turisme.olocau.es\/ca\/#\/schema\/logo\/image\/","url":"https:\/\/turisme.olocau.es\/wp-content\/uploads\/2022\/07\/Logo-Olocau-turismo_color.png","contentUrl":"https:\/\/turisme.olocau.es\/wp-content\/uploads\/2022\/07\/Logo-Olocau-turismo_color.png","width":300,"height":123,"caption":"Turismo Olocau"},"image":{"@id":"https:\/\/turisme.olocau.es\/ca\/#\/schema\/logo\/image\/"},"sameAs":["https:\/\/www.facebook.com\/Turisme-Olocau-110345021644060","https:\/\/x.com\/turismeolocau","https:\/\/www.instagram.com\/turismeolocau\/"]}]}},"_edit_lock":"","_wpml_word_count":"","_wp_page_template":"default","_edit_last":"","_elementor_edit_mode":"builder","_elementor_template_type":"wp-page","_elementor_version":"3.8.0","_elementor_pro_version":"","_elementor_data":"[{\"id\":\"64e22266\",\"elType\":\"section\",\"settings\":{\"layout\":\"full_width\",\"margin\":{\"unit\":\"px\",\"top\":\"-100\",\"right\":0,\"bottom\":\"-201\",\"left\":0,\"isLinked\":false},\"padding\":{\"unit\":\"px\",\"top\":\"0\",\"right\":\"0\",\"bottom\":\"0\",\"left\":\"0\",\"isLinked\":true},\"_element_id\":\"arriba\"},\"elements\":[{\"id\":\"7f6776a3\",\"elType\":\"column\",\"settings\":{\"_column_size\":100,\"_inline_size\":null,\"margin\":{\"unit\":\"px\",\"top\":\"0\",\"right\":\"0\",\"bottom\":\"0\",\"left\":\"0\",\"isLinked\":true},\"padding\":{\"unit\":\"px\",\"top\":\"0\",\"right\":\"0\",\"bottom\":\"0\",\"left\":\"0\",\"isLinked\":true}},\"elements\":[{\"id\":\"7497d54b\",\"elType\":\"widget\",\"settings\":{\"slides\":[{\"heading\":\"\",\"description\":\"\",\"button_text\":\"\",\"_id\":\"f782748\",\"background_image\":{\"url\":\"https:\\\/\\\/turisme.olocau.es\\\/wp-content\\\/uploads\\\/2022\\\/07\\\/garrofera-4.jpg\",\"id\":440,\"alt\":\"\",\"source\":\"library\"},\"background_ken_burns\":\"yes\",\"custom_style\":\"yes\",\"horizontal_position\":\"center\",\"vertical_position\":\"top\",\"__globals__\":{\"background_color\":\"globals\\\/colors?id=primary\"},\"index\":0}],\"slides_height\":{\"unit\":\"px\",\"size\":499,\"sizes\":[]},\"_margin\":{\"unit\":\"px\",\"top\":\"0\",\"right\":\"0\",\"bottom\":\"0\",\"left\":\"0\",\"isLinked\":true},\"_padding\":{\"unit\":\"px\",\"top\":\"0\",\"right\":\"0\",\"bottom\":\"0\",\"left\":\"0\",\"isLinked\":true},\"navigation\":\"none\",\"pause_on_hover\":\"\",\"pause_on_interaction\":\"\",\"content_animation\":\"fadeInLeft\",\"content_max_width\":{\"unit\":\"%\",\"size\":100,\"sizes\":[]},\"slides_padding\":{\"unit\":\"px\",\"top\":\"0\",\"right\":\"0\",\"bottom\":\"0\",\"left\":\"0\",\"isLinked\":true},\"heading_spacing\":{\"unit\":\"px\",\"size\":0,\"sizes\":[]},\"heading_color\":\"#FFFFFF\",\"heading_typography_typography\":\"custom\",\"heading_typography_font_family\":\"Montserrat\",\"heading_typography_font_size\":{\"unit\":\"px\",\"size\":44,\"sizes\":[]},\"heading_typography_font_weight\":\"300\",\"description_typography_typography\":\"custom\",\"description_typography_font_family\":\"Montserrat\",\"description_typography_font_size\":{\"unit\":\"px\",\"size\":44,\"sizes\":[]},\"description_typography_font_weight\":\"300\",\"button_size\":\"xs\",\"button_typography_typography\":\"custom\",\"button_typography_font_family\":\"Montserrat\",\"button_typography_font_size\":{\"unit\":\"px\",\"size\":44,\"sizes\":[]},\"button_typography_font_weight\":\"300\",\"button_text_color\":\"#FFFFFF\",\"custom_css\":\".elementor-slide-heading::first-line {\\n    background-color: #C42A1E;\\n    padding:3px 10px;\\n    max-width:100%;\\n    margin: 0 auto;\\n}\\n.elementor-slide-description::first-line {\\n    background-color: #D67D1F;\\n    padding:0px 10px;\\n    margin:10px auto;\\n    max-width:100%;\\n}\\n.elementor-slide-description {\\n    margin:10px auto;\\n}\",\"__globals__\":{\"button_background_color\":\"globals\\\/colors?id=136950b4\",\"button_border_color\":\"globals\\\/colors?id=136950b4\"},\"infinite\":\"\",\"transition\":\"fade\"},\"elements\":[],\"widgetType\":\"slides\"}],\"isInner\":false}],\"isInner\":false},{\"id\":\"7c32e543\",\"elType\":\"section\",\"settings\":{\"margin\":{\"unit\":\"px\",\"top\":\"0\",\"right\":0,\"bottom\":\"0\",\"left\":0,\"isLinked\":false},\"padding\":{\"unit\":\"px\",\"top\":\"0\",\"right\":\"0\",\"bottom\":\"0\",\"left\":\"0\",\"isLinked\":true},\"z_index\":2},\"elements\":[{\"id\":\"3287aa96\",\"elType\":\"column\",\"settings\":{\"_column_size\":100,\"_inline_size\":null,\"margin\":{\"unit\":\"px\",\"top\":\"0\",\"right\":\"0\",\"bottom\":\"0\",\"left\":\"0\",\"isLinked\":true},\"padding\":{\"unit\":\"px\",\"top\":\"0\",\"right\":\"0\",\"bottom\":\"0\",\"left\":\"0\",\"isLinked\":true}},\"elements\":[{\"id\":\"30f61c41\",\"elType\":\"widget\",\"settings\":{\"image\":{\"url\":\"https:\\\/\\\/turisme.olocau.es\\\/wp-content\\\/uploads\\\/2022\\\/06\\\/muestras.png\",\"id\":83,\"alt\":\"\",\"source\":\"library\"},\"align\":\"right\",\"_margin\":{\"unit\":\"px\",\"top\":\"-1\",\"right\":\"0\",\"bottom\":\"0\",\"left\":\"0\",\"isLinked\":false},\"_padding\":{\"unit\":\"px\",\"top\":\"0\",\"right\":\"0\",\"bottom\":\"0\",\"left\":\"0\",\"isLinked\":true}},\"elements\":[],\"widgetType\":\"image\"}],\"isInner\":false}],\"isInner\":false},{\"id\":\"389b4e37\",\"elType\":\"section\",\"settings\":{\"margin\":{\"unit\":\"px\",\"top\":\"-100\",\"right\":0,\"bottom\":\"50\",\"left\":0,\"isLinked\":false}},\"elements\":[{\"id\":\"19ee5aec\",\"elType\":\"column\",\"settings\":{\"_column_size\":100,\"_inline_size\":null},\"elements\":[{\"id\":\"433985bb\",\"elType\":\"widget\",\"settings\":{\"title\":\"Entorn Cultural\",\"align\":\"center\",\"__globals__\":{\"title_color\":\"globals\\\/colors?id=text\"}},\"elements\":[],\"widgetType\":\"heading\"}],\"isInner\":false}],\"isInner\":false},{\"id\":\"309b4553\",\"elType\":\"section\",\"settings\":{\"content_width\":{\"unit\":\"px\",\"size\":1032,\"sizes\":[]},\"gap\":\"extended\",\"custom_height\":{\"unit\":\"px\",\"size\":267,\"sizes\":[]},\"structure\":\"20\",\"margin\":{\"unit\":\"px\",\"top\":\"-53\",\"right\":0,\"bottom\":\"0\",\"left\":0,\"isLinked\":false},\"padding\":{\"unit\":\"px\",\"top\":\"60\",\"right\":\"0\",\"bottom\":\"60\",\"left\":\"0\",\"isLinked\":false},\"background_background\":\"gradient\",\"background_gradient_angle\":{\"unit\":\"deg\",\"size\":130,\"sizes\":[]},\"__globals__\":{\"background_color\":\"globals\\\/colors?id=primary\",\"background_color_b\":\"globals\\\/colors?id=secondary\"},\"padding_mobile\":{\"unit\":\"px\",\"top\":\"60\",\"right\":\"20\",\"bottom\":\"60\",\"left\":\"20\",\"isLinked\":false}},\"elements\":[{\"id\":\"522f5697\",\"elType\":\"column\",\"settings\":{\"_column_size\":50,\"_inline_size\":null,\"margin\":{\"unit\":\"px\",\"top\":\"0\",\"right\":\"10\",\"bottom\":\"0\",\"left\":\"0\",\"isLinked\":false},\"padding\":{\"unit\":\"px\",\"top\":\"0\",\"right\":\"0\",\"bottom\":\"0\",\"left\":\"0\",\"isLinked\":true}},\"elements\":[{\"id\":\"33b6c606\",\"elType\":\"widget\",\"settings\":{\"title\":\"Arbres monumentals\",\"typography_typography\":\"custom\",\"typography_font_family\":\"Montserrat\",\"typography_font_size\":{\"unit\":\"px\",\"size\":30,\"sizes\":[]},\"typography_font_weight\":\"600\",\"__globals__\":{\"title_color\":\"globals\\\/colors?id=accent\"}},\"elements\":[],\"widgetType\":\"heading\"},{\"id\":\"3f6a1e83\",\"elType\":\"widget\",\"settings\":{\"editor\":\"<p>A Olocau es coneixen com <em>macollades<\\\/em> al conjunt de garroferes centen\\u00e0ries de troncs gruixuts i refor\\u00e7ats. Existeixen quatre concentracions en les partides de l'<em>Edua<\\\/em>, l<em>'Amara<\\\/em>, la <em>Barranc\\u00e0 <\\\/em>i l'<em>Aigualeig<\\\/em>. La ruta dels <em>Macollades<\\\/em> transita per totes elles i ens permet observar la seua diversitat de formes, colors, ombres i les diferents solucions en pedra que utilitzaven els agricultors per a apuntalar les seues pesades branques sense que es trencaren. <\\\/p>\\n\",\"typography_typography\":\"custom\",\"typography_font_family\":\"Montserrat\",\"typography_font_size\":{\"unit\":\"px\",\"size\":17,\"sizes\":[]},\"typography_font_weight\":\"500\",\"__globals__\":{\"text_color\":\"globals\\\/colors?id=2e4e3250\"}},\"elements\":[],\"widgetType\":\"text-editor\"}],\"isInner\":false},{\"id\":\"653ae3c7\",\"elType\":\"column\",\"settings\":{\"_column_size\":50,\"_inline_size\":null,\"margin\":{\"unit\":\"px\",\"top\":\"0\",\"right\":\"10\",\"bottom\":\"0\",\"left\":\"10\",\"isLinked\":false},\"padding\":{\"unit\":\"px\",\"top\":\"0\",\"right\":\"0\",\"bottom\":\"0\",\"left\":\"0\",\"isLinked\":true}},\"elements\":[{\"id\":\"4af135e2\",\"elType\":\"widget\",\"settings\":{\"_margin\":{\"unit\":\"px\",\"top\":\"0\",\"right\":\"0\",\"bottom\":\"0\",\"left\":\"80\",\"isLinked\":false},\"image\":{\"url\":\"https:\\\/\\\/turisme.olocau.es\\\/wp-content\\\/uploads\\\/2022\\\/07\\\/JLBI3078.jpg\",\"id\":435,\"alt\":\"\",\"source\":\"library\"},\"image_size\":\"2048x2048\",\"_margin_mobile\":{\"unit\":\"px\",\"top\":\"0\",\"right\":\"0\",\"bottom\":\"0\",\"left\":\"0\",\"isLinked\":true}},\"elements\":[],\"widgetType\":\"image\"}],\"isInner\":false}],\"isInner\":false},{\"id\":\"61496954\",\"elType\":\"section\",\"settings\":{\"content_width\":{\"unit\":\"px\",\"size\":1032,\"sizes\":[]},\"gap\":\"no\",\"margin\":{\"unit\":\"px\",\"top\":\"60\",\"right\":0,\"bottom\":\"60\",\"left\":0,\"isLinked\":true}},\"elements\":[{\"id\":\"12cc6764\",\"elType\":\"column\",\"settings\":{\"_column_size\":100,\"_inline_size\":null},\"elements\":[{\"id\":\"32d026f2\",\"elType\":\"widget\",\"settings\":{\"gallery\":[{\"id\":701,\"url\":\"https:\\\/\\\/turisme.olocau.es\\\/wp-content\\\/uploads\\\/2022\\\/07\\\/IMG-20220327-WA0059.jpeg\"},{\"id\":702,\"url\":\"https:\\\/\\\/turisme.olocau.es\\\/wp-content\\\/uploads\\\/2022\\\/07\\\/Isa_Acequia-scaled.jpeg\"},{\"id\":703,\"url\":\"https:\\\/\\\/turisme.olocau.es\\\/wp-content\\\/uploads\\\/2022\\\/07\\\/IMG-20220327-WA0073.jpeg\"},{\"id\":704,\"url\":\"https:\\\/\\\/turisme.olocau.es\\\/wp-content\\\/uploads\\\/2022\\\/07\\\/IMG-20220327-WA0061.jpeg\"}],\"galleries\":[{\"gallery_title\":\"Nova galeria\",\"_id\":\"17d8ac9\",\"index\":0}],\"show_all_galleries_label\":\"Tot\",\"order_by\":\"random\"},\"elements\":[],\"widgetType\":\"gallery\"}],\"isInner\":false}],\"isInner\":false},{\"id\":\"e776400\",\"elType\":\"section\",\"settings\":{\"content_width\":{\"unit\":\"px\",\"size\":1032,\"sizes\":[]},\"gap\":\"no\",\"stretch_section\":\"section-stretched\",\"margin\":{\"unit\":\"px\",\"top\":\"0\",\"right\":0,\"bottom\":\"-7\",\"left\":0,\"isLinked\":false},\"padding_mobile\":{\"unit\":\"px\",\"top\":\"0\",\"right\":\"20\",\"bottom\":\"0\",\"left\":\"20\",\"isLinked\":false}},\"elements\":[{\"id\":\"101a36e\",\"elType\":\"column\",\"settings\":{\"_column_size\":100,\"_inline_size\":null,\"space_between_widgets\":0},\"elements\":[{\"id\":\"24e4a74\",\"elType\":\"widget\",\"settings\":{\"title\":\"Ruta Macollades\\u200b \",\"align\":\"left\",\"typography_typography\":\"custom\",\"typography_font_family\":\"Montserrat\",\"typography_font_size\":{\"unit\":\"px\",\"size\":30,\"sizes\":[]},\"typography_font_weight\":\"600\",\"__globals__\":{\"title_color\":\"globals\\\/colors?id=text\"},\"_margin\":{\"unit\":\"px\",\"top\":\"0\",\"right\":\"0\",\"bottom\":\"0\",\"left\":\"0\",\"isLinked\":false}},\"elements\":[],\"widgetType\":\"heading\"},{\"id\":\"a648bb6\",\"elType\":\"section\",\"settings\":{\"content_width\":{\"unit\":\"px\",\"size\":1112,\"sizes\":[]},\"structure\":\"20\"},\"elements\":[{\"id\":\"7ea8558\",\"elType\":\"column\",\"settings\":{\"_column_size\":50,\"_inline_size\":43.508,\"margin\":{\"unit\":\"px\",\"top\":\"27\",\"right\":\"0\",\"bottom\":\"0\",\"left\":\"0\",\"isLinked\":false},\"padding\":{\"unit\":\"px\",\"top\":\"0\",\"right\":\"0\",\"bottom\":\"0\",\"left\":\"0\",\"isLinked\":true}},\"elements\":[{\"id\":\"a360b11\",\"elType\":\"widget\",\"settings\":{\"editor\":\"<p class=\\\"f-source-sans-pro normal-text font-weight-bold mb-4\\\">Descobreix l'arbreda de macollades m\\u00e9s gran d'Europa, els regadius d'Olocau i el barranc de Carraixet.<\\\/p>\\n<div class=\\\"description-resource-detail f-source-sans-pro mb-4 normal-text title-color\\\">\\n<p>\\u00c9s una ruta circular de dificultat moderada-alta, de 5,60 km i 40 metres de desnivell. Comen\\u00e7a a la <em>Casa de la Senyoria<\\\/em> i despr\\u00e9s de travessar el nucli urb\\u00e0 i creuar el barranc del *Carraixet, arriba a <em>l'Horta de Dalt,<\\\/em> zona de regadiu d'Olocau on descobrirem les <em>macollades<\\\/em> de la partida de l\\u2019<em>Edua.<\\\/em> Al llarg del cam\\u00ed es poden veure diferents elements etnol\\u00f2gics que, juntament amb <em>les macollades<\\\/em>, ens ajudaran a entendre el passat agr\\u00edcola d'Olocau. A eixir de la zona de cultiu s'arriba a la bassa de l\\u2019<em>Amara<\\\/em><em>,<\\\/em> antic safareig d'Olocau i actual bassa de reg de la zona agr\\u00edcola.<\\\/p>\\n<p>El seg\\u00fcent tram segueix la boga del barranc del <em>Carraixet<\\\/em> fins a les <em>macollades<\\\/em> de la <em>Barranc\\u00e0<\\\/em> i de l\\u2019<em>Aigualeig<\\\/em>. En aquest tram transita al costat de la s\\u00e9quia, amb el so d'acompanyament de l'aigua i el cant dels ocells de fons. Entre ambdues es troba la <em>S\\u00e9nia dels Simeons<\\\/em><em>,<\\\/em> una s\\u00e9quia moguda per mules que es va utilitzar per a elevar l'aigua i regar els bancals pr\\u00f2xims fins a final del segle XIX.<\\\/p>\\n<p>La ruta cont\\u00ednua amb un tram del barranc del <em>Carraixet<\\\/em> on \\u00e9s necessari secundar-se en cordes inserides en la calc\\u00e0ria que serveixen d'agarre. A la volta al poble el trajecte comparteix un tram amb l'antic cam\\u00ed medieval a Marines i finalitza de nou a Olocau. <\\\/p>\\n<\\\/div>\\n\",\"typography_typography\":\"custom\",\"typography_font_family\":\"Montserrat\",\"typography_font_weight\":\"500\"},\"elements\":[],\"widgetType\":\"text-editor\"},{\"id\":\"e304ee4\",\"elType\":\"widget\",\"settings\":{\"text\":\"Veure ruta\",\"link\":{\"url\":\"https:\\\/\\\/gl.wikiloc.com\\\/rutas-sendeirismo\\\/ruta-de-les-macollades-108517386\",\"is_external\":\"on\",\"nofollow\":\"\",\"custom_attributes\":\"\"},\"typography_typography\":\"custom\",\"typography_font_family\":\"Montserrat\",\"typography_font_size\":{\"unit\":\"px\",\"size\":13,\"sizes\":[]},\"typography_font_weight\":\"700\",\"typography_text_transform\":\"uppercase\",\"typography_letter_spacing\":{\"unit\":\"px\",\"size\":1.6,\"sizes\":[]},\"border_radius\":{\"unit\":\"px\",\"top\":\"25\",\"right\":\"25\",\"bottom\":\"25\",\"left\":\"25\",\"isLinked\":true},\"__globals__\":{\"background_color\":\"globals\\\/colors?id=secondary\"},\"_padding\":{\"unit\":\"px\",\"top\":\"12\",\"right\":\"0\",\"bottom\":\"0\",\"left\":\"0\",\"isLinked\":false}},\"elements\":[],\"widgetType\":\"button\"}],\"isInner\":true},{\"id\":\"e1baa43\",\"elType\":\"column\",\"settings\":{\"_column_size\":50,\"_inline_size\":56.492,\"margin\":{\"unit\":\"px\",\"top\":\"30\",\"right\":\"0\",\"bottom\":\"30\",\"left\":\"30\",\"isLinked\":false},\"padding\":{\"unit\":\"px\",\"top\":\"0\",\"right\":\"0\",\"bottom\":\"0\",\"left\":\"0\",\"isLinked\":true},\"margin_mobile\":{\"unit\":\"px\",\"top\":\"0\",\"right\":\"0\",\"bottom\":\"0\",\"left\":\"0\",\"isLinked\":true}},\"elements\":[{\"id\":\"1f06e30\",\"elType\":\"widget\",\"settings\":{\"html\":\"<iframe frameborder=\\\"0\\\" scrolling=\\\"no\\\" src=\\\"https:\\\/\\\/gl.wikiloc.com\\\/wikiloc\\\/spatialArtifacts.do?event=view&amp;id=108517386&amp;measures=on&amp;title=off&amp;near=off&amp;images=off&amp;maptype=H\\\" width=\\\"600\\\" height=\\\"700\\\"><\\\/iframe><div style=\\\"color:#777;font-size:11px;line-height:16px;\\\"><\\\/div>\",\"_margin\":{\"unit\":\"px\",\"top\":\"0\",\"right\":\"0\",\"bottom\":\"-18\",\"left\":\"0\",\"isLinked\":false},\"_padding\":{\"unit\":\"px\",\"top\":\"0\",\"right\":\"0\",\"bottom\":\"0\",\"left\":\"0\",\"isLinked\":false}},\"elements\":[],\"widgetType\":\"html\"}],\"isInner\":true}],\"isInner\":true},{\"id\":\"bc035da\",\"elType\":\"widget\",\"settings\":{\"space\":{\"unit\":\"px\",\"size\":40,\"sizes\":[]}},\"elements\":[],\"widgetType\":\"spacer\"}],\"isInner\":false}],\"isInner\":false}]","_elementor_page_assets":{"styles":["e-animation-fadeInLeft","e-swiper","widget-slides","widget-image","widget-heading","widget-gallery","elementor-gallery","e-transitions","widget-spacer"],"scripts":["imagesloaded","elementor-frontend","elementor-gallery"]},"_yoast_wpseo_content_score":"","_yoast_wpseo_estimated-reading-time-minutes":"","_elementor_page_settings":{"hide_title":"yes"},"_elementor_controls_usage":"","_wpml_media_featured":"1","_wpml_media_duplicate":"0","_top_nav_excluded":"","_cms_nav_minihome":"","_elementor_template_widget_type":"","_last_translation_edit_mode":"translation-editor","_yoast_wpseo_focuskw":"","_yoast_wpseo_metadesc":"","_yoast_wpseo_linkdex":"","_yoast_wpseo_wordproof_timestamp":"","_thumbnail_id":"","_yoast_wpseo_opengraph-title":"","_yoast_wpseo_opengraph-description":"","_yoast_wpseo_opengraph-image":"","_yoast_wpseo_opengraph-image-id":"","_yoast_wpseo_twitter-title":"","_yoast_wpseo_twitter-description":"","_yoast_wpseo_twitter-image":"","_yoast_wpseo_twitter-image-id":"","_elementor_css":{"time":1777205321,"fonts":["Montserrat"],"icons":[""],"dynamic_elements_ids":[],"status":"file","0":""},"_cdp_origin":"","_cdp_origin_site":"","_cdp_origin_title":"","_cdp_counter":"","_oembed_1715d3fe5f1b4894d69c403ed95c6d1f":"","_oembed_7b3a3160db89c87d5fa3541f189de6fa":"","_wpml_post_translation_editor_native":"","_wp_trash_meta_status":"","_wp_trash_meta_time":"","_wp_desired_post_slug":"","_links":{"self":[{"href":"https:\/\/turisme.olocau.es\/ca\/wp-json\/wp\/v2\/pages\/3492","targetHints":{"allow":["GET"]}}],"collection":[{"href":"https:\/\/turisme.olocau.es\/ca\/wp-json\/wp\/v2\/pages"}],"about":[{"href":"https:\/\/turisme.olocau.es\/ca\/wp-json\/wp\/v2\/types\/page"}],"author":[{"embeddable":true,"href":"https:\/\/turisme.olocau.es\/ca\/wp-json\/wp\/v2\/users\/1"}],"replies":[{"embeddable":true,"href":"https:\/\/turisme.olocau.es\/ca\/wp-json\/wp\/v2\/comments?post=3492"}],"version-history":[{"count":8,"href":"https:\/\/turisme.olocau.es\/ca\/wp-json\/wp\/v2\/pages\/3492\/revisions"}],"predecessor-version":[{"id":3922,"href":"https:\/\/turisme.olocau.es\/ca\/wp-json\/wp\/v2\/pages\/3492\/revisions\/3922"}],"up":[{"embeddable":true,"href":"https:\/\/turisme.olocau.es\/ca\/wp-json\/wp\/v2\/pages\/3490"}],"wp:attachment":[{"href":"https:\/\/turisme.olocau.es\/ca\/wp-json\/wp\/v2\/media?parent=3492"}],"curies":[{"name":"wp","href":"https:\/\/api.w.org\/{rel}","templated":true}]}}